{"id":234,"date":"2021-09-22T07:56:00","date_gmt":"2021-09-22T07:56:00","guid":{"rendered":"https:\/\/www.cidaut.es\/acelerapyme\/?page_id=234"},"modified":"2025-06-05T08:35:23","modified_gmt":"2025-06-05T08:35:23","slug":"recursos-2","status":"publish","type":"page","link":"https:\/\/www.cidaut.es\/acelerapyme\/recursos-2\/","title":{"rendered":"Recursos"},"content":{"rendered":"<p>[et_pb_section fb_built=\u00bb1&#8243; _builder_version=\u00bb4.16&#8243; _module_preset=\u00bbdefault\u00bb global_colors_info=\u00bb{}\u00bb][et_pb_row _builder_version=\u00bb4.16&#8243; _module_preset=\u00bbdefault\u00bb global_colors_info=\u00bb{}\u00bb][et_pb_column type=\u00bb4_4&#8243; _builder_version=\u00bb4.16&#8243; _module_preset=\u00bbdefault\u00bb global_colors_info=\u00bb{}\u00bb][et_pb_image src=\u00bbhttps:\/\/www.cidaut.es\/acelerapyme\/wp-content\/uploads\/2021\/09\/recursos.jpg\u00bb title_text=\u00bbrecursos\u00bb align=\u00bbcenter\u00bb _builder_version=\u00bb4.16&#8243; _module_preset=\u00bbdefault\u00bb global_colors_info=\u00bb{}\u00bb][\/et_pb_image][\/et_pb_column][\/et_pb_row][et_pb_row column_structure=\u00bb2_5,3_5&#8243; _builder_version=\u00bb4.16&#8243; _module_preset=\u00bbdefault\u00bb locked=\u00bboff\u00bb global_colors_info=\u00bb{}\u00bb][et_pb_column type=\u00bb2_5&#8243; _builder_version=\u00bb4.16&#8243; _module_preset=\u00bbdefault\u00bb global_colors_info=\u00bb{}\u00bb][et_pb_text _builder_version=\u00bb4.16&#8243; _module_preset=\u00bbdefault\u00bb text_text_color=\u00bb#203864&#8243; text_font_size=\u00bb24px\u00bb custom_css_main_element=\u00bbborder-bottom: 2px solid #ff0066;||padding-bottom:10px;||\u00bb global_colors_info=\u00bb{}\u00bb]<\/p>\n<p><b>Ciberseguridad<\/b><\/p>\n<p>[\/et_pb_text][\/et_pb_column][et_pb_column type=\u00bb3_5&#8243; _builder_version=\u00bb4.16&#8243; _module_preset=\u00bbdefault\u00bb global_colors_info=\u00bb{}\u00bb][\/et_pb_column][\/et_pb_row][et_pb_row column_structure=\u00bb1_3,1_3,1_3&#8243; _builder_version=\u00bb4.16&#8243; _module_preset=\u00bbdefault\u00bb locked=\u00bboff\u00bb global_colors_info=\u00bb{}\u00bb][et_pb_column type=\u00bb1_3&#8243; _builder_version=\u00bb4.16&#8243; _module_preset=\u00bbdefault\u00bb global_colors_info=\u00bb{}\u00bb][et_pb_image src=\u00bbhttps:\/\/www.cidaut.es\/acelerapyme\/wp-content\/uploads\/2025\/05\/Informe_sobre_seguridad_de_la_IA_2024.jpg\u00bb title_text=\u00bbInforme_sobre_seguridad_de_la_IA_2024&#8243; url=\u00bbhttps:\/\/www.cidaut.es\/acelerapyme\/wp-content\/uploads\/2025\/05\/41_Informe-sobre-seguridad-de-la-IA-2024.pdf\u00bb url_new_window=\u00bbon\u00bb align=\u00bbcenter\u00bb _builder_version=\u00bb4.27.4&#8243; _module_preset=\u00bbdefault\u00bb locked=\u00bboff\u00bb global_colors_info=\u00bb{}\u00bb][\/et_pb_image][et_pb_text _builder_version=\u00bb4.27.4&#8243; _module_preset=\u00bbdefault\u00bb locked=\u00bboff\u00bb global_colors_info=\u00bb{}\u00bb]<\/p>\n<p>Autor: AMETIC<\/p>\n<p>T\u00edtulo: Informe sobre seguridad de la IA 2024<\/p>\n<p>Fecha: 2025<\/p>\n<p>[\/et_pb_text][\/et_pb_column][et_pb_column type=\u00bb1_3&#8243; _builder_version=\u00bb4.16&#8243; _module_preset=\u00bbdefault\u00bb global_colors_info=\u00bb{}\u00bb][et_pb_image src=\u00bbhttps:\/\/www.cidaut.es\/acelerapyme\/wp-content\/uploads\/2025\/03\/GUIA_ANALISIS_DE_FIRMWARE_SCI-1.jpg\u00bb title_text=\u00bbGUIA_ANALISIS_DE_FIRMWARE_SCI\u00bb url=\u00bbhttps:\/\/www.cidaut.es\/acelerapyme\/wp-content\/uploads\/2025\/03\/28_GUIA_ANALISIS_DE_FIRMWARE_SCI.pdf\u00bb url_new_window=\u00bbon\u00bb align=\u00bbcenter\u00bb _builder_version=\u00bb4.27.4&#8243; _module_preset=\u00bbdefault\u00bb locked=\u00bboff\u00bb global_colors_info=\u00bb{}\u00bb][\/et_pb_image][et_pb_text _builder_version=\u00bb4.27.4&#8243; _module_preset=\u00bbdefault\u00bb locked=\u00bboff\u00bb global_colors_info=\u00bb{}\u00bb]<\/p>\n<p>Autor: Red.es<\/p>\n<p>T\u00edtulo: An\u00e1lisis de firmware en dispositivos industriales<\/p>\n<p>Fecha: 2024<\/p>\n<p>[\/et_pb_text][\/et_pb_column][et_pb_column type=\u00bb1_3&#8243; _builder_version=\u00bb4.16&#8243; _module_preset=\u00bbdefault\u00bb global_colors_info=\u00bb{}\u00bb][\/et_pb_column][\/et_pb_row][et_pb_row column_structure=\u00bb1_3,1_3,1_3&#8243; _builder_version=\u00bb4.16&#8243; _module_preset=\u00bbdefault\u00bb locked=\u00bboff\u00bb global_colors_info=\u00bb{}\u00bb][et_pb_column type=\u00bb1_3&#8243; _builder_version=\u00bb4.16&#8243; _module_preset=\u00bbdefault\u00bb global_colors_info=\u00bb{}\u00bb][et_pb_image src=\u00bbhttps:\/\/www.cidaut.es\/acelerapyme\/wp-content\/uploads\/2025\/03\/ESTUDIO_DE_HERRAMIENTAS_DE_RECONOCIMIENTO.jpg\u00bb title_text=\u00bbESTUDIO_DE_HERRAMIENTAS_DE_RECONOCIMIENTO\u00bb url=\u00bbhttps:\/\/www.cidaut.es\/acelerapyme\/wp-content\/uploads\/2025\/03\/27_ESTUDIO_DE_HERRAMIENTAS_DE_RECONOCIMIENTO.pdf\u00bb url_new_window=\u00bbon\u00bb align=\u00bbcenter\u00bb _builder_version=\u00bb4.27.4&#8243; _module_preset=\u00bbdefault\u00bb locked=\u00bboff\u00bb global_colors_info=\u00bb{}\u00bb][\/et_pb_image][et_pb_text _builder_version=\u00bb4.27.4&#8243; _module_preset=\u00bbdefault\u00bb locked=\u00bboff\u00bb global_colors_info=\u00bb{}\u00bb]<\/p>\n<p>Autor: Red.es<\/p>\n<p>T\u00edtulo: Estudio de herramientas para la actividad de reconocimiento<\/p>\n<p>Fecha: 2024<\/p>\n<p>[\/et_pb_text][\/et_pb_column][et_pb_column type=\u00bb1_3&#8243; _builder_version=\u00bb4.16&#8243; _module_preset=\u00bbdefault\u00bb global_colors_info=\u00bb{}\u00bb][et_pb_image src=\u00bbhttps:\/\/www.cidaut.es\/acelerapyme\/wp-content\/uploads\/2024\/10\/seguridad_inteligencia_artificial.jpg\u00bb title_text=\u00bbseguridad_inteligencia_artificial\u00bb url=\u00bbhttps:\/\/www.cidaut.es\/acelerapyme\/wp-content\/uploads\/2024\/10\/Informe_Seguridad_de_la_IA.pdf\u00bb url_new_window=\u00bbon\u00bb align=\u00bbcenter\u00bb _builder_version=\u00bb4.27.2&#8243; _module_preset=\u00bbdefault\u00bb locked=\u00bboff\u00bb global_colors_info=\u00bb{}\u00bb][\/et_pb_image][et_pb_text _builder_version=\u00bb4.27.2&#8243; _module_preset=\u00bbdefault\u00bb locked=\u00bboff\u00bb global_colors_info=\u00bb{}\u00bb]<\/p>\n<p>Autor: AMETIC<\/p>\n<p>T\u00edtulo: Informe de seguridad de la IA<\/p>\n<p>Fecha: 2024<\/p>\n<p>[\/et_pb_text][\/et_pb_column][et_pb_column type=\u00bb1_3&#8243; _builder_version=\u00bb4.16&#8243; _module_preset=\u00bbdefault\u00bb global_colors_info=\u00bb{}\u00bb][et_pb_image src=\u00bbhttps:\/\/www.cidaut.es\/acelerapyme\/wp-content\/uploads\/2024\/10\/GUIA_NORMATIVAS_CIBERSEGURIDAD_2024_VEHICULOS.jpg\u00bb title_text=\u00bbGUIA_NORMATIVAS_CIBERSEGURIDAD_2024_VEHICULOS\u00bb url=\u00bbhttps:\/\/www.cidaut.es\/acelerapyme\/wp-content\/uploads\/2024\/10\/GUIA_NORMATIVAS_CIBERSEGURIDAD_2024_VEHICULOS.pdf\u00bb url_new_window=\u00bbon\u00bb align=\u00bbcenter\u00bb _builder_version=\u00bb4.27.2&#8243; _module_preset=\u00bbdefault\u00bb locked=\u00bboff\u00bb global_colors_info=\u00bb{}\u00bb][\/et_pb_image][et_pb_text _builder_version=\u00bb4.27.2&#8243; _module_preset=\u00bbdefault\u00bb locked=\u00bboff\u00bb global_colors_info=\u00bb{}\u00bb]<\/p>\n<p>Autor: INCIBE<\/p>\n<p>T\u00edtulo: Nuevas normativas de 2024 de ciberseguridad para veh\u00edculos<\/p>\n<p>Fecha: 2024<\/p>\n<p>[\/et_pb_text][\/et_pb_column][\/et_pb_row][et_pb_row column_structure=\u00bb1_3,1_3,1_3&#8243; _builder_version=\u00bb4.16&#8243; _module_preset=\u00bbdefault\u00bb locked=\u00bboff\u00bb global_colors_info=\u00bb{}\u00bb][et_pb_column type=\u00bb1_3&#8243; _builder_version=\u00bb4.16&#8243; _module_preset=\u00bbdefault\u00bb global_colors_info=\u00bb{}\u00bb][et_pb_image src=\u00bbhttps:\/\/www.cidaut.es\/acelerapyme\/wp-content\/uploads\/2024\/06\/ciberamenazas_seg_empresarial.jpg\u00bb title_text=\u00bbciberamenazas_seg_empresarial\u00bb url=\u00bbhttps:\/\/www.cidaut.es\/acelerapyme\/wp-content\/uploads\/2024\/06\/Ciberamenazas_y_seguridad_empresarial.pdf\u00bb url_new_window=\u00bbon\u00bb align=\u00bbcenter\u00bb _builder_version=\u00bb4.25.2&#8243; _module_preset=\u00bbdefault\u00bb locked=\u00bboff\u00bb global_colors_info=\u00bb{}\u00bb][\/et_pb_image][et_pb_text _builder_version=\u00bb4.25.2&#8243; _module_preset=\u00bbdefault\u00bb locked=\u00bboff\u00bb global_colors_info=\u00bb{}\u00bb]<\/p>\n<p>Autor: OAP Cidaut<\/p>\n<p>T\u00edtulo: Ciberamenazas y seguridad empresarial<\/p>\n<p>Fecha: 2024<\/p>\n<p>[\/et_pb_text][\/et_pb_column][et_pb_column type=\u00bb1_3&#8243; _builder_version=\u00bb4.16&#8243; _module_preset=\u00bbdefault\u00bb global_colors_info=\u00bb{}\u00bb][et_pb_image src=\u00bbhttps:\/\/www.cidaut.es\/acelerapyme\/wp-content\/uploads\/2024\/05\/analisis_malware_sci.jpg\u00bb title_text=\u00bbanalisis_malware_sci\u00bb url=\u00bbhttps:\/\/www.cidaut.es\/acelerapyme\/wp-content\/uploads\/2024\/05\/2024_A263718_INCIBE_CERT_ESTUDIO_ANALISIS_SCI_BLACKENERGY_2024_v1.pdf\u00bb url_new_window=\u00bbon\u00bb align=\u00bbcenter\u00bb _builder_version=\u00bb4.16&#8243; _module_preset=\u00bbdefault\u00bb locked=\u00bboff\u00bb global_colors_info=\u00bb{}\u00bb][\/et_pb_image][et_pb_text _builder_version=\u00bb4.27.0&#8243; _module_preset=\u00bbdefault\u00bb locked=\u00bboff\u00bb global_colors_info=\u00bb{}\u00bb]<\/p>\n<p>Autor: INCIBE<\/p>\n<p>T\u00edtulo: Estudio del an\u00e1lisis de malware en SCI: BlackEnergy<\/p>\n<p>Fecha: 2024<\/p>\n<p>[\/et_pb_text][\/et_pb_column][et_pb_column type=\u00bb1_3&#8243; _builder_version=\u00bb4.16&#8243; _module_preset=\u00bbdefault\u00bb global_colors_info=\u00bb{}\u00bb][et_pb_image src=\u00bbhttps:\/\/www.cidaut.es\/acelerapyme\/wp-content\/uploads\/2023\/05\/ciberseguridad_referencia.jpg\u00bb title_text=\u00bbciberseguridad_referencia\u00bb url=\u00bbhttps:\/\/www.cidaut.es\/acelerapyme\/wp-content\/uploads\/2023\/05\/Documento_referencia_Ciberseguridad.pdf\u00bb url_new_window=\u00bbon\u00bb align=\u00bbcenter\u00bb _builder_version=\u00bb4.16&#8243; _module_preset=\u00bbdefault\u00bb global_colors_info=\u00bb{}\u00bb][\/et_pb_image][et_pb_text _builder_version=\u00bb4.16&#8243; _module_preset=\u00bbdefault\u00bb locked=\u00bboff\u00bb global_colors_info=\u00bb{}\u00bb]<\/p>\n<p>Autor: Red.es<\/p>\n<p>T\u00edtulo: Ciberseguridad. Documento de referencia<\/p>\n<p>Fecha: Abril 2023<\/p>\n<p>[\/et_pb_text][\/et_pb_column][\/et_pb_row][et_pb_row column_structure=\u00bb1_3,1_3,1_3&#8243; _builder_version=\u00bb4.16&#8243; _module_preset=\u00bbdefault\u00bb locked=\u00bboff\u00bb global_colors_info=\u00bb{}\u00bb][et_pb_column type=\u00bb1_3&#8243; _builder_version=\u00bb4.16&#8243; _module_preset=\u00bbdefault\u00bb global_colors_info=\u00bb{}\u00bb][et_pb_image src=\u00bbhttps:\/\/www.cidaut.es\/acelerapyme\/wp-content\/uploads\/2021\/09\/glosario_terminos.jpg\u00bb title_text=\u00bbglosario_terminos\u00bb url=\u00bbhttps:\/\/www.incibe.es\/sites\/default\/files\/contenidos\/guias\/doc\/guia_glosario_ciberseguridad_2021.pdf\u00bb url_new_window=\u00bbon\u00bb align=\u00bbcenter\u00bb _builder_version=\u00bb4.16&#8243; _module_preset=\u00bbdefault\u00bb locked=\u00bboff\u00bb global_colors_info=\u00bb{}\u00bb][\/et_pb_image][et_pb_text _builder_version=\u00bb4.16&#8243; _module_preset=\u00bbdefault\u00bb locked=\u00bboff\u00bb global_colors_info=\u00bb{}\u00bb]<\/p>\n<p>Autor: INCIBE<\/p>\n<p>T\u00edtulo: Glosario de t\u00e9rminos de ciberseguridad: una gu\u00eda de aproximaci\u00f3n para el empresario<\/p>\n<p>Fecha: Mayo 2021<\/p>\n<p>[\/et_pb_text][\/et_pb_column][et_pb_column type=\u00bb1_3&#8243; _builder_version=\u00bb4.16&#8243; _module_preset=\u00bbdefault\u00bb global_colors_info=\u00bb{}\u00bb][et_pb_image src=\u00bbhttps:\/\/www.cidaut.es\/acelerapyme\/wp-content\/uploads\/2021\/09\/ransomware.jpg\u00bb title_text=\u00bbransomware\u00bb url=\u00bbhttps:\/\/www.incibe.es\/sites\/default\/files\/contenidos\/guias\/doc\/guia_ransomware.pdf\u00bb url_new_window=\u00bbon\u00bb align=\u00bbcenter\u00bb _builder_version=\u00bb4.16&#8243; _module_preset=\u00bbdefault\u00bb locked=\u00bboff\u00bb global_colors_info=\u00bb{}\u00bb][\/et_pb_image][et_pb_text _builder_version=\u00bb4.16&#8243; _module_preset=\u00bbdefault\u00bb locked=\u00bboff\u00bb global_colors_info=\u00bb{}\u00bb]<\/p>\n<p>Autor: INCIBE<\/p>\n<p>T\u00edtulo: Ransomware: una gu\u00eda de aproximaci\u00f3n para el empresario<\/p>\n<p>Fecha: Abril 2021<\/p>\n<p>[\/et_pb_text][\/et_pb_column][et_pb_column type=\u00bb1_3&#8243; _builder_version=\u00bb4.16&#8243; _module_preset=\u00bbdefault\u00bb global_colors_info=\u00bb{}\u00bb][et_pb_image src=\u00bbhttps:\/\/www.cidaut.es\/acelerapyme\/wp-content\/uploads\/2021\/09\/ciberamenazas.jpg\u00bb title_text=\u00bbciberamenazas\u00bb url=\u00bbhttps:\/\/www.incibe.es\/protege-tu-empresa\/guias\/ciberamenazas-entornos-empresariales-guia-aproximacion-el-empresario\u00bb url_new_window=\u00bbon\u00bb align=\u00bbcenter\u00bb _builder_version=\u00bb4.16&#8243; _module_preset=\u00bbdefault\u00bb locked=\u00bboff\u00bb global_colors_info=\u00bb{}\u00bb][\/et_pb_image][et_pb_text _builder_version=\u00bb4.16&#8243; _module_preset=\u00bbdefault\u00bb locked=\u00bboff\u00bb global_colors_info=\u00bb{}\u00bb]<\/p>\n<p>Autor: INCIBE<\/p>\n<p>T\u00edtulo: Ciberamenazas contra entornos empresariales: una gu\u00eda de aproximaci\u00f3n para el empresario<\/p>\n<p>Fecha: Enero 2021<\/p>\n<p>[\/et_pb_text][\/et_pb_column][\/et_pb_row][et_pb_row column_structure=\u00bb1_3,1_3,1_3&#8243; _builder_version=\u00bb4.16&#8243; _module_preset=\u00bbdefault\u00bb locked=\u00bboff\u00bb global_colors_info=\u00bb{}\u00bb][et_pb_column type=\u00bb1_3&#8243; _builder_version=\u00bb4.16&#8243; _module_preset=\u00bbdefault\u00bb global_colors_info=\u00bb{}\u00bb][et_pb_image src=\u00bbhttps:\/\/www.cidaut.es\/acelerapyme\/wp-content\/uploads\/2021\/09\/catalogo_empresas.jpg\u00bb title_text=\u00bbcatalogo_empresas\u00bb url=\u00bbhttps:\/\/www.incibe.es\/sites\/default\/files\/contenidos\/guias\/doc\/catalogo_ciberseguridad.pdf\u00bb url_new_window=\u00bbon\u00bb align=\u00bbcenter\u00bb _builder_version=\u00bb4.16&#8243; _module_preset=\u00bbdefault\u00bb locked=\u00bboff\u00bb global_colors_info=\u00bb{}\u00bb][\/et_pb_image][et_pb_text _builder_version=\u00bb4.16&#8243; _module_preset=\u00bbdefault\u00bb locked=\u00bboff\u00bb global_colors_info=\u00bb{}\u00bb]<\/p>\n<p>Autor: INCIBE<\/p>\n<p>T\u00edtulo: Cat\u00e1logo de empresas y soluciones de ciberseguridad<\/p>\n<p>Fecha: Abril 2016<\/p>\n<p>[\/et_pb_text][\/et_pb_column][et_pb_column type=\u00bb1_3&#8243; _builder_version=\u00bb4.16&#8243; _module_preset=\u00bbdefault\u00bb global_colors_info=\u00bb{}\u00bb][et_pb_image src=\u00bbhttps:\/\/www.cidaut.es\/acelerapyme\/wp-content\/uploads\/2021\/09\/taxonomia.jpg\u00bb title_text=\u00bbtaxonomia\u00bb url=\u00bbhttps:\/\/www.incibe.es\/sites\/default\/files\/contenidos\/guias\/doc\/taxonomia_ciberseguridad.pdf\u00bb url_new_window=\u00bbon\u00bb align=\u00bbcenter\u00bb _builder_version=\u00bb4.16&#8243; _module_preset=\u00bbdefault\u00bb locked=\u00bboff\u00bb global_colors_info=\u00bb{}\u00bb][\/et_pb_image][et_pb_text _builder_version=\u00bb4.16&#8243; _module_preset=\u00bbdefault\u00bb locked=\u00bboff\u00bb global_colors_info=\u00bb{}\u00bb]<\/p>\n<p>Autor: INCIBE<\/p>\n<p>T\u00edtulo: Taxonom\u00eda de soluciones de ciberseguridad<\/p>\n<p>Fecha: 2015<\/p>\n<p>[\/et_pb_text][\/et_pb_column][et_pb_column type=\u00bb1_3&#8243; _builder_version=\u00bb4.16&#8243; _module_preset=\u00bbdefault\u00bb global_colors_info=\u00bb{}\u00bb][et_pb_image src=\u00bbhttps:\/\/www.cidaut.es\/acelerapyme\/wp-content\/uploads\/2021\/09\/almacenamiento.jpg\u00bb title_text=\u00bbalmacenamiento\u00bb url=\u00bbhttps:\/\/www.incibe.es\/sites\/default\/files\/contenidos\/politicas\/documentos\/almacenamiento-en-los-equipos-trabajo.pdf\u00bb url_new_window=\u00bbon\u00bb align=\u00bbcenter\u00bb _builder_version=\u00bb4.16&#8243; _module_preset=\u00bbdefault\u00bb locked=\u00bboff\u00bb global_colors_info=\u00bb{}\u00bb][\/et_pb_image][et_pb_text _builder_version=\u00bb4.16&#8243; _module_preset=\u00bbdefault\u00bb locked=\u00bboff\u00bb global_colors_info=\u00bb{}\u00bb]<\/p>\n<p>Autor: INCIBE<\/p>\n<p>T\u00edtulo: Almacenamiento de los equipos de trabajo. Pol\u00edticas de seguridad para la pyme.<\/p>\n<p>Fecha: np<\/p>\n<p>[\/et_pb_text][\/et_pb_column][\/et_pb_row][et_pb_row column_structure=\u00bb3_5,2_5&#8243; _builder_version=\u00bb4.16&#8243; _module_preset=\u00bbdefault\u00bb locked=\u00bboff\u00bb global_colors_info=\u00bb{}\u00bb][et_pb_column type=\u00bb3_5&#8243; _builder_version=\u00bb4.16&#8243; _module_preset=\u00bbdefault\u00bb global_colors_info=\u00bb{}\u00bb][et_pb_text _builder_version=\u00bb4.16&#8243; _module_preset=\u00bbdefault\u00bb text_text_color=\u00bb#203864&#8243; text_font_size=\u00bb24px\u00bb custom_css_main_element=\u00bbborder-bottom: 2px solid #ff0066;||padding-bottom:10px;||\u00bb global_colors_info=\u00bb{}\u00bb]<\/p>\n<p><b>Protecci\u00f3n de datos personales<\/b><\/p>\n<p>[\/et_pb_text][\/et_pb_column][et_pb_column type=\u00bb2_5&#8243; _builder_version=\u00bb4.16&#8243; _module_preset=\u00bbdefault\u00bb global_colors_info=\u00bb{}\u00bb][\/et_pb_column][\/et_pb_row][et_pb_row column_structure=\u00bb1_3,1_3,1_3&#8243; _builder_version=\u00bb4.16&#8243; _module_preset=\u00bbdefault\u00bb global_colors_info=\u00bb{}\u00bb][et_pb_column type=\u00bb1_3&#8243; _builder_version=\u00bb4.16&#8243; _module_preset=\u00bbdefault\u00bb global_colors_info=\u00bb{}\u00bb][et_pb_image src=\u00bbhttps:\/\/www.cidaut.es\/acelerapyme\/wp-content\/uploads\/2025\/05\/Prueba_de_concepto_Blockchain_y_el_derecho_de_supresion.jpg\u00bb title_text=\u00bbPrueba_de_concepto_Blockchain_y_el_derecho_de_supresi\u00f3n\u00bb url=\u00bbhttps:\/\/www.cidaut.es\/acelerapyme\/wp-content\/uploads\/2025\/05\/39_Prueba-de-concepto-Blockchain-y-el-derecho-de-supresion.pdf\u00bb url_new_window=\u00bbon\u00bb align=\u00bbcenter\u00bb _builder_version=\u00bb4.27.4&#8243; _module_preset=\u00bbdefault\u00bb global_colors_info=\u00bb{}\u00bb][\/et_pb_image][et_pb_text _builder_version=\u00bb4.27.4&#8243; _module_preset=\u00bbdefault\u00bb locked=\u00bboff\u00bb global_colors_info=\u00bb{}\u00bb]<\/p>\n<p>Autor: Agencia Espa\u00f1ola de Protecci\u00f3n de Datos (AEPD)<\/p>\n<p>T\u00edtulo: Prueba de concepto Blockchain y el derecho de supresi\u00f3n<\/p>\n<p>Fecha: 2025<\/p>\n<p>[\/et_pb_text][\/et_pb_column][et_pb_column type=\u00bb1_3&#8243; _builder_version=\u00bb4.16&#8243; _module_preset=\u00bbdefault\u00bb global_colors_info=\u00bb{}\u00bb][\/et_pb_column][et_pb_column type=\u00bb1_3&#8243; _builder_version=\u00bb4.16&#8243; _module_preset=\u00bbdefault\u00bb global_colors_info=\u00bb{}\u00bb][\/et_pb_column][\/et_pb_row][et_pb_row column_structure=\u00bb1_3,1_3,1_3&#8243; _builder_version=\u00bb4.16&#8243; _module_preset=\u00bbdefault\u00bb locked=\u00bboff\u00bb global_colors_info=\u00bb{}\u00bb][et_pb_column type=\u00bb1_3&#8243; _builder_version=\u00bb4.16&#8243; _module_preset=\u00bbdefault\u00bb global_colors_info=\u00bb{}\u00bb][et_pb_image src=\u00bbhttps:\/\/www.cidaut.es\/acelerapyme\/wp-content\/uploads\/2024\/08\/guia-cookies.jpg\u00bb title_text=\u00bbguia cookies\u00bb url=\u00bbhttps:\/\/www.cidaut.es\/acelerapyme\/wp-content\/uploads\/2024\/08\/guia_cookies.pdf\u00bb url_new_window=\u00bbon\u00bb align=\u00bbcenter\u00bb _builder_version=\u00bb4.27.0&#8243; _module_preset=\u00bbdefault\u00bb global_colors_info=\u00bb{}\u00bb][\/et_pb_image][et_pb_text _builder_version=\u00bb4.27.0&#8243; _module_preset=\u00bbdefault\u00bb locked=\u00bboff\u00bb global_colors_info=\u00bb{}\u00bb]<\/p>\n<p>Autor: Agencia Espa\u00f1ola de Protecci\u00f3n de Datos (AEPD)<\/p>\n<p>T\u00edtulo: Gu\u00eda sobre el uso de las cookies<\/p>\n<p>Fecha: 2024 <\/p>\n<p>[\/et_pb_text][\/et_pb_column][et_pb_column type=\u00bb1_3&#8243; _builder_version=\u00bb4.16&#8243; _module_preset=\u00bbdefault\u00bb global_colors_info=\u00bb{}\u00bb][et_pb_image src=\u00bbhttps:\/\/www.cidaut.es\/acelerapyme\/wp-content\/uploads\/2024\/06\/Ganar_competitividad_RGPD.jpg\u00bb title_text=\u00bbGanar_competitividad_RGPD\u00bb url=\u00bbhttps:\/\/www.cidaut.es\/acelerapyme\/wp-content\/uploads\/2024\/06\/Ganar_competitividad_RGPD.pdf\u00bb url_new_window=\u00bbon\u00bb align=\u00bbcenter\u00bb _builder_version=\u00bb4.25.2&#8243; _module_preset=\u00bbdefault\u00bb locked=\u00bboff\u00bb global_colors_info=\u00bb{}\u00bb][\/et_pb_image][et_pb_text _builder_version=\u00bb4.27.0&#8243; _module_preset=\u00bbdefault\u00bb locked=\u00bboff\u00bb global_colors_info=\u00bb{}\u00bb]<\/p>\n<p>Autor: INCIBE<\/p>\n<p>T\u00edtulo: Ganar en competitividad cumpliendo el RGPD: gu\u00eda de recomendaciones para empresas<\/p>\n<p>Fecha: 2024<\/p>\n<p>[\/et_pb_text][\/et_pb_column][et_pb_column type=\u00bb1_3&#8243; _builder_version=\u00bb4.16&#8243; _module_preset=\u00bbdefault\u00bb global_colors_info=\u00bb{}\u00bb][et_pb_image src=\u00bbhttps:\/\/www.cidaut.es\/acelerapyme\/wp-content\/uploads\/2024\/08\/guia_control_presencia_biometrico.jpg\u00bb title_text=\u00bbguia_control_presencia_biometrico\u00bb url=\u00bbhttps:\/\/www.cidaut.es\/acelerapyme\/wp-content\/uploads\/2024\/08\/guia_control_presencia_biometrico.pdf\u00bb url_new_window=\u00bbon\u00bb align=\u00bbcenter\u00bb _builder_version=\u00bb4.27.0&#8243; _module_preset=\u00bbdefault\u00bb locked=\u00bboff\u00bb global_colors_info=\u00bb{}\u00bb][\/et_pb_image][et_pb_text _builder_version=\u00bb4.27.0&#8243; _module_preset=\u00bbdefault\u00bb locked=\u00bboff\u00bb global_colors_info=\u00bb{}\u00bb]<\/p>\n<p>Autor: Agencia Espa\u00f1ola de Protecci\u00f3n de Datos (AEPD)<\/p>\n<p>T\u00edtulo: Gu\u00eda sobre tratamientos de control de presencia mediante sistemas biom\u00e9tricos<\/p>\n<p>Fecha: 2023<\/p>\n<p>[\/et_pb_text][\/et_pb_column][\/et_pb_row][et_pb_row column_structure=\u00bb1_3,1_3,1_3&#8243; _builder_version=\u00bb4.16&#8243; _module_preset=\u00bbdefault\u00bb locked=\u00bboff\u00bb global_colors_info=\u00bb{}\u00bb][et_pb_column type=\u00bb1_3&#8243; _builder_version=\u00bb4.16&#8243; _module_preset=\u00bbdefault\u00bb global_colors_info=\u00bb{}\u00bb][et_pb_image src=\u00bbhttps:\/\/www.cidaut.es\/acelerapyme\/wp-content\/uploads\/2021\/09\/gestion_riesgo.jpg\u00bb title_text=\u00bbgestion_riesgo\u00bb url=\u00bbhttps:\/\/www.aepd.es\/es\/documento\/gestion-riesgo-y-evaluacion-impacto-en-tratamientos-datos-personales.pdf\u00bb url_new_window=\u00bbon\u00bb align=\u00bbcenter\u00bb _builder_version=\u00bb4.16&#8243; _module_preset=\u00bbdefault\u00bb global_colors_info=\u00bb{}\u00bb][\/et_pb_image][et_pb_text _builder_version=\u00bb4.16&#8243; _module_preset=\u00bbdefault\u00bb global_colors_info=\u00bb{}\u00bb]<\/p>\n<p>Autor: Agencia espa\u00f1ola de Protecci\u00f3n de Datos<\/p>\n<p>T\u00edtulo: Gesti\u00f3n del riesgo y evaluaci\u00f3n de impacto en tratamientos de datos personales<\/p>\n<p>Fecha: Junio 2021<\/p>\n<p>[\/et_pb_text][\/et_pb_column][et_pb_column type=\u00bb1_3&#8243; _builder_version=\u00bb4.16&#8243; _module_preset=\u00bbdefault\u00bb global_colors_info=\u00bb{}\u00bb][et_pb_image src=\u00bbhttps:\/\/www.cidaut.es\/acelerapyme\/wp-content\/uploads\/2021\/09\/brechas.jpg\u00bb title_text=\u00bbbrechas\u00bb url=\u00bbhttps:\/\/www.aepd.es\/sites\/default\/files\/2019-09\/guia-brechas-seguridad.pdf\u00bb url_new_window=\u00bbon\u00bb align=\u00bbcenter\u00bb _builder_version=\u00bb4.16&#8243; _module_preset=\u00bbdefault\u00bb global_colors_info=\u00bb{}\u00bb][\/et_pb_image][et_pb_text _builder_version=\u00bb4.16&#8243; _module_preset=\u00bbdefault\u00bb global_colors_info=\u00bb{}\u00bb]<\/p>\n<p>Autor: Agencia espa\u00f1ola de Protecci\u00f3n de Datos<\/p>\n<p>T\u00edtulo: Gu\u00eda para la notificaci\u00f3n de brechas de datos personales<\/p>\n<p>Fecha: Junio 2021<\/p>\n<p>[\/et_pb_text][\/et_pb_column][et_pb_column type=\u00bb1_3&#8243; _builder_version=\u00bb4.16&#8243; _module_preset=\u00bbdefault\u00bb global_colors_info=\u00bb{}\u00bb][et_pb_image src=\u00bbhttps:\/\/www.cidaut.es\/acelerapyme\/wp-content\/uploads\/2021\/09\/rgpd.jpg\u00bb title_text=\u00bbrgpd\u00bb url=\u00bbhttps:\/\/www.aepd.es\/sites\/default\/files\/2020-02\/adecuacion-rgpd-ia.pdf\u00bb url_new_window=\u00bbon\u00bb align=\u00bbcenter\u00bb _builder_version=\u00bb4.16&#8243; _module_preset=\u00bbdefault\u00bb global_colors_info=\u00bb{}\u00bb][\/et_pb_image][et_pb_text _builder_version=\u00bb4.16&#8243; _module_preset=\u00bbdefault\u00bb global_colors_info=\u00bb{}\u00bb]<\/p>\n<p>Autor: Agencia espa\u00f1ola de Protecci\u00f3n de Datos<\/p>\n<p>T\u00edtulo: Adecuaci\u00f3n al RGPD de tratamientos que incorporan Inteligencia Artificial<\/p>\n<p>Fecha: Febrero 2021<\/p>\n<p>[\/et_pb_text][\/et_pb_column][\/et_pb_row][et_pb_row column_structure=\u00bb1_3,1_3,1_3&#8243; _builder_version=\u00bb4.16&#8243; _module_preset=\u00bbdefault\u00bb global_colors_info=\u00bb{}\u00bb][et_pb_column type=\u00bb1_3&#8243; _builder_version=\u00bb4.16&#8243; _module_preset=\u00bbdefault\u00bb global_colors_info=\u00bb{}\u00bb][et_pb_image src=\u00bbhttps:\/\/www.cidaut.es\/acelerapyme\/wp-content\/uploads\/2021\/09\/uso_tecnologias.jpg\u00bb title_text=\u00bbuso_tecnologias\u00bb url=\u00bbhttps:\/\/www.aepd.es\/sites\/default\/files\/2020-05\/analisis-tecnologias-COVID19.pdf\u00bb url_new_window=\u00bbon\u00bb align=\u00bbcenter\u00bb _builder_version=\u00bb4.16&#8243; _module_preset=\u00bbdefault\u00bb global_colors_info=\u00bb{}\u00bb][\/et_pb_image][et_pb_text _builder_version=\u00bb4.16&#8243; _module_preset=\u00bbdefault\u00bb global_colors_info=\u00bb{}\u00bb]<\/p>\n<p>Autor: Agencia espa\u00f1ola de Protecci\u00f3n de Datos<\/p>\n<p>T\u00edtulo: El uso de las tecnolog\u00edas en la lucha contra el covid19.<\/p>\n<p>Fecha: Mayo 2020<\/p>\n<p>[\/et_pb_text][\/et_pb_column][et_pb_column type=\u00bb1_3&#8243; _builder_version=\u00bb4.16&#8243; _module_preset=\u00bbdefault\u00bb global_colors_info=\u00bb{}\u00bb][et_pb_image src=\u00bbhttps:\/\/www.cidaut.es\/acelerapyme\/wp-content\/uploads\/2021\/09\/recomendaciones_proteccion.jpg\u00bb title_text=\u00bbrecomendaciones_proteccion\u00bb url=\u00bbhttps:\/\/www.aepd.es\/sites\/default\/files\/2020-04\/nota-tecnica-proteger-datos-teletrabajo.pdf\u00bb url_new_window=\u00bbon\u00bb align=\u00bbcenter\u00bb _builder_version=\u00bb4.16&#8243; _module_preset=\u00bbdefault\u00bb global_colors_info=\u00bb{}\u00bb][\/et_pb_image][et_pb_text _builder_version=\u00bb4.16&#8243; _module_preset=\u00bbdefault\u00bb global_colors_info=\u00bb{}\u00bb]<\/p>\n<p>Autor: Agencia espa\u00f1ola de Protecci\u00f3n de Datos<\/p>\n<p>T\u00edtulo: Recomendaciones para proteger los datos personales en situaciones de movilidad y teletrabajo<\/p>\n<p>Fecha: np<\/p>\n<p>[\/et_pb_text][\/et_pb_column][et_pb_column type=\u00bb1_3&#8243; _builder_version=\u00bb4.16&#8243; _module_preset=\u00bbdefault\u00bb global_colors_info=\u00bb{}\u00bb][et_pb_image src=\u00bbhttps:\/\/www.cidaut.es\/acelerapyme\/wp-content\/uploads\/2021\/09\/herramienta_evalua.jpg\u00bb title_text=\u00bbherramienta_evalua\u00bb url=\u00bbhttps:\/\/www.aepd.es\/es\/guias-y-herramientas\/herramientas\/evalua-riesgo-rgpd\u00bb url_new_window=\u00bbon\u00bb align=\u00bbcenter\u00bb _builder_version=\u00bb4.16&#8243; _module_preset=\u00bbdefault\u00bb global_colors_info=\u00bb{}\u00bb][\/et_pb_image][et_pb_text _builder_version=\u00bb4.16&#8243; _module_preset=\u00bbdefault\u00bb global_colors_info=\u00bb{}\u00bb]<\/p>\n<p>Autor: Agencia espa\u00f1ola de Protecci\u00f3n de Datos<\/p>\n<p>T\u00edtulo: Herramienta \u201cEVALUA \u2013 RIESGO RGPD\u201d<\/p>\n<p>Fecha: np<\/p>\n<p>[\/et_pb_text][\/et_pb_column][\/et_pb_row][et_pb_row column_structure=\u00bb1_3,1_3,1_3&#8243; _builder_version=\u00bb4.16&#8243; _module_preset=\u00bbdefault\u00bb locked=\u00bboff\u00bb global_colors_info=\u00bb{}\u00bb][et_pb_column type=\u00bb1_3&#8243; _builder_version=\u00bb4.16&#8243; _module_preset=\u00bbdefault\u00bb global_colors_info=\u00bb{}\u00bb][et_pb_text _builder_version=\u00bb4.16&#8243; _module_preset=\u00bbdefault\u00bb text_text_color=\u00bb#203864&#8243; text_font_size=\u00bb24px\u00bb custom_css_main_element=\u00bbborder-bottom: 2px solid #ff0066;||padding-bottom:10px;||\u00bb global_colors_info=\u00bb{}\u00bb]<\/p>\n<p><b>Transformaci\u00f3n digital<\/b><\/p>\n<p>[\/et_pb_text][\/et_pb_column][et_pb_column type=\u00bb1_3&#8243; _builder_version=\u00bb4.16&#8243; _module_preset=\u00bbdefault\u00bb global_colors_info=\u00bb{}\u00bb][\/et_pb_column][et_pb_column type=\u00bb1_3&#8243; _builder_version=\u00bb4.16&#8243; _module_preset=\u00bbdefault\u00bb global_colors_info=\u00bb{}\u00bb][\/et_pb_column][\/et_pb_row][et_pb_row column_structure=\u00bb1_3,1_3,1_3&#8243; _builder_version=\u00bb4.16&#8243; _module_preset=\u00bbdefault\u00bb global_colors_info=\u00bb{}\u00bb][et_pb_column type=\u00bb1_3&#8243; _builder_version=\u00bb4.16&#8243; _module_preset=\u00bbdefault\u00bb global_colors_info=\u00bb{}\u00bb][et_pb_image src=\u00bbhttps:\/\/www.cidaut.es\/acelerapyme\/wp-content\/uploads\/2025\/06\/Aplicaciones_de_IA_para_generar_textos.jpg\u00bb title_text=\u00bbAplicaciones_de_IA_para_generar_textos\u00bb url=\u00bbhttps:\/\/www.cidaut.es\/acelerapyme\/wp-content\/uploads\/2025\/06\/Aplicaciones-de-IA-para-generar-textos.pdf\u00bb url_new_window=\u00bbon\u00bb align=\u00bbcenter\u00bb _builder_version=\u00bb4.27.4&#8243; _module_preset=\u00bbdefault\u00bb hover_enabled=\u00bb0&#8243; locked=\u00bboff\u00bb global_colors_info=\u00bb{}\u00bb sticky_enabled=\u00bb0&#8243;][\/et_pb_image][et_pb_text _builder_version=\u00bb4.27.4&#8243; _module_preset=\u00bbdefault\u00bb hover_enabled=\u00bb0&#8243; locked=\u00bboff\u00bb global_colors_info=\u00bb{}\u00bb sticky_enabled=\u00bb0&#8243;]<\/p>\n<p>Autor: OAP CIDAUT<\/p>\n<p>T\u00edtulo: IA GENERATIVA APLICADA A EMPRESAS. Herramientas \u00fatiles para PYMEs para la comprensi\u00f3n y creaci\u00f3n de textos<\/p>\n<p>Fecha: 2025<\/p>\n<p>[\/et_pb_text][\/et_pb_column][et_pb_column type=\u00bb1_3&#8243; _builder_version=\u00bb4.16&#8243; _module_preset=\u00bbdefault\u00bb global_colors_info=\u00bb{}\u00bb][et_pb_image src=\u00bbhttps:\/\/www.cidaut.es\/acelerapyme\/wp-content\/uploads\/2025\/05\/Agenda_Digital_2026.jpg\u00bb title_text=\u00bbAgenda_Digital_2026&#8243; url=\u00bbhttps:\/\/www.cidaut.es\/acelerapyme\/wp-content\/uploads\/2025\/05\/39_Agenda-Espana-Digital-2026.pdf\u00bb url_new_window=\u00bbon\u00bb align=\u00bbcenter\u00bb _builder_version=\u00bb4.27.4&#8243; _module_preset=\u00bbdefault\u00bb locked=\u00bboff\u00bb global_colors_info=\u00bb{}\u00bb][\/et_pb_image][et_pb_text _builder_version=\u00bb4.27.4&#8243; _module_preset=\u00bbdefault\u00bb locked=\u00bboff\u00bb global_colors_info=\u00bb{}\u00bb]<\/p>\n<p>Autor: Ministerio de Asuntos Econ\u00f3micos y Transformaci\u00f3n Digital<\/p>\n<p>T\u00edtulo: Agenda Digital 2026<\/p>\n<p>Fecha: 2025<\/p>\n<p>[\/et_pb_text][\/et_pb_column][et_pb_column type=\u00bb1_3&#8243; _builder_version=\u00bb4.16&#8243; _module_preset=\u00bbdefault\u00bb global_colors_info=\u00bb{}\u00bb][\/et_pb_column][\/et_pb_row][et_pb_row column_structure=\u00bb1_3,1_3,1_3&#8243; _builder_version=\u00bb4.16&#8243; _module_preset=\u00bbdefault\u00bb locked=\u00bboff\u00bb global_colors_info=\u00bb{}\u00bb][et_pb_column type=\u00bb1_3&#8243; _builder_version=\u00bb4.16&#8243; _module_preset=\u00bbdefault\u00bb global_colors_info=\u00bb{}\u00bb][et_pb_image src=\u00bbhttps:\/\/www.cidaut.es\/acelerapyme\/wp-content\/uploads\/2025\/05\/Estrategia_Nacional_de_impulso_de_la_Tecnologia_5G.jpg\u00bb title_text=\u00bbEstrategia_Nacional_de_impulso_de_la_Tecnolog\u00eda_5G\u00bb url=\u00bbhttps:\/\/www.cidaut.es\/acelerapyme\/wp-content\/uploads\/2025\/05\/37_Estrategia-Nacional-de-impuso-de-la-tecnologia-5G.pdf\u00bb url_new_window=\u00bbon\u00bb align=\u00bbcenter\u00bb _builder_version=\u00bb4.27.4&#8243; _module_preset=\u00bbdefault\u00bb locked=\u00bboff\u00bb global_colors_info=\u00bb{}\u00bb][\/et_pb_image][et_pb_text _builder_version=\u00bb4.27.4&#8243; _module_preset=\u00bbdefault\u00bb locked=\u00bboff\u00bb global_colors_info=\u00bb{}\u00bb]<\/p>\n<p>Autor: Ministerio de Asuntos Econ\u00f3micos y Transformaci\u00f3n Digital<\/p>\n<p>T\u00edtulo: Estrategia Nacional de impulso de la Tecnolog\u00eda 5G<\/p>\n<p>Fecha: 2025<\/p>\n<p>[\/et_pb_text][\/et_pb_column][et_pb_column type=\u00bb1_3&#8243; _builder_version=\u00bb4.16&#8243; _module_preset=\u00bbdefault\u00bb global_colors_info=\u00bb{}\u00bb][et_pb_image src=\u00bbhttps:\/\/www.cidaut.es\/acelerapyme\/wp-content\/uploads\/2025\/05\/Estrategia_Nacional_de_Inteligencia_Artificial.jpg\u00bb title_text=\u00bbEstrategia_Nacional_de_Inteligencia_Artificial\u00bb url=\u00bbhttps:\/\/www.cidaut.es\/acelerapyme\/wp-content\/uploads\/2025\/05\/36_Estrategia-Nacional-de-IA.pdf\u00bb url_new_window=\u00bbon\u00bb align=\u00bbcenter\u00bb _builder_version=\u00bb4.27.4&#8243; _module_preset=\u00bbdefault\u00bb locked=\u00bboff\u00bb global_colors_info=\u00bb{}\u00bb][\/et_pb_image][et_pb_text _builder_version=\u00bb4.27.4&#8243; _module_preset=\u00bbdefault\u00bb locked=\u00bboff\u00bb global_colors_info=\u00bb{}\u00bb]<\/p>\n<p>Autor: Ministerio de Asuntos Econ\u00f3micos y Transformaci\u00f3n Digital<\/p>\n<p>T\u00edtulo: Estrategia Nacional de Inteligencia Artificial<\/p>\n<p>Fecha: 2025<\/p>\n<p>[\/et_pb_text][\/et_pb_column][et_pb_column type=\u00bb1_3&#8243; _builder_version=\u00bb4.16&#8243; _module_preset=\u00bbdefault\u00bb global_colors_info=\u00bb{}\u00bb][et_pb_image src=\u00bbhttps:\/\/www.cidaut.es\/acelerapyme\/wp-content\/uploads\/2025\/05\/Agenda_Digital_2025.jpg\u00bb title_text=\u00bbAgenda_Digital_2025&#8243; url=\u00bbhttps:\/\/www.cidaut.es\/acelerapyme\/wp-content\/uploads\/2025\/05\/35_Agenda-Digital-2025.pdf\u00bb url_new_window=\u00bbon\u00bb align=\u00bbcenter\u00bb _builder_version=\u00bb4.27.4&#8243; _module_preset=\u00bbdefault\u00bb locked=\u00bboff\u00bb global_colors_info=\u00bb{}\u00bb][\/et_pb_image][et_pb_text _builder_version=\u00bb4.27.4&#8243; _module_preset=\u00bbdefault\u00bb locked=\u00bboff\u00bb global_colors_info=\u00bb{}\u00bb]<\/p>\n<p>Autor: Ministerio de Asuntos Econ\u00f3micos y Transformaci\u00f3n Digital<\/p>\n<p>T\u00edtulo: Agenda Digital 2025<\/p>\n<p>Fecha: 2025<\/p>\n<p>[\/et_pb_text][\/et_pb_column][\/et_pb_row][et_pb_row column_structure=\u00bb1_3,1_3,1_3&#8243; _builder_version=\u00bb4.16&#8243; _module_preset=\u00bbdefault\u00bb locked=\u00bboff\u00bb global_colors_info=\u00bb{}\u00bb][et_pb_column type=\u00bb1_3&#8243; _builder_version=\u00bb4.16&#8243; _module_preset=\u00bbdefault\u00bb global_colors_info=\u00bb{}\u00bb][et_pb_image src=\u00bbhttps:\/\/www.cidaut.es\/acelerapyme\/wp-content\/uploads\/2025\/05\/Introduccion_basica_a_la_programacion_web.jpg\u00bb title_text=\u00bbIntroducci\u00f3n_b\u00e1sica_a_la_programaci\u00f3n_web\u00bb url=\u00bbhttps:\/\/www.cidaut.es\/acelerapyme\/wp-content\/uploads\/2025\/05\/34_Introduccion-basica-a-la-programacion-web.pdf\u00bb url_new_window=\u00bbon\u00bb align=\u00bbcenter\u00bb _builder_version=\u00bb4.27.4&#8243; _module_preset=\u00bbdefault\u00bb locked=\u00bboff\u00bb global_colors_info=\u00bb{}\u00bb][\/et_pb_image][et_pb_text _builder_version=\u00bb4.27.4&#8243; _module_preset=\u00bbdefault\u00bb locked=\u00bboff\u00bb global_colors_info=\u00bb{}\u00bb]<\/p>\n<p>Autor: Red.es<\/p>\n<p>T\u00edtulo: Introducci\u00f3n b\u00e1sica a la programaci\u00f3n web<\/p>\n<p>Fecha: 2025<\/p>\n<p>[\/et_pb_text][\/et_pb_column][et_pb_column type=\u00bb1_3&#8243; _builder_version=\u00bb4.16&#8243; _module_preset=\u00bbdefault\u00bb global_colors_info=\u00bb{}\u00bb][et_pb_image src=\u00bbhttps:\/\/www.cidaut.es\/acelerapyme\/wp-content\/uploads\/2025\/05\/Como_empezar_a_digitalizar_tu_pyme.jpg\u00bb title_text=\u00bbC\u00f3mo_empezar_a_digitalizar_tu_pyme\u00bb url=\u00bbhttps:\/\/www.cidaut.es\/acelerapyme\/wp-content\/uploads\/2025\/05\/29_Como-empezar-a-digitalizar-tu-pyme-Guia-paso-a-paso.pdf\u00bb url_new_window=\u00bbon\u00bb align=\u00bbcenter\u00bb _builder_version=\u00bb4.27.4&#8243; _module_preset=\u00bbdefault\u00bb locked=\u00bboff\u00bb global_colors_info=\u00bb{}\u00bb][\/et_pb_image][et_pb_text _builder_version=\u00bb4.27.4&#8243; _module_preset=\u00bbdefault\u00bb locked=\u00bboff\u00bb global_colors_info=\u00bb{}\u00bb]<\/p>\n<p>Autor: Red.es<\/p>\n<p>T\u00edtulo: C\u00f3mo empezar a digitalizar tu pyme &#8211; Gu\u00eda paso a paso<\/p>\n<p>Fecha: 2025<\/p>\n<p>[\/et_pb_text][\/et_pb_column][et_pb_column type=\u00bb1_3&#8243; _builder_version=\u00bb4.16&#8243; _module_preset=\u00bbdefault\u00bb global_colors_info=\u00bb{}\u00bb][et_pb_image src=\u00bbhttps:\/\/www.cidaut.es\/acelerapyme\/wp-content\/uploads\/2025\/03\/Transformando_la_experiencia_de_usuario_en_las_pymes.jpg\u00bb title_text=\u00bbTransformando_la_experiencia_de_usuario_en_las_pymes\u00bb url=\u00bbhttps:\/\/www.cidaut.es\/acelerapyme\/wp-content\/uploads\/2025\/03\/21_Transformando-la-experiencia-de-usuario-en-las-pymes-estrategias-para-el-exito-digital.pdf\u00bb url_new_window=\u00bbon\u00bb align=\u00bbcenter\u00bb _builder_version=\u00bb4.27.4&#8243; _module_preset=\u00bbdefault\u00bb locked=\u00bboff\u00bb global_colors_info=\u00bb{}\u00bb][\/et_pb_image][et_pb_text _builder_version=\u00bb4.27.4&#8243; _module_preset=\u00bbdefault\u00bb locked=\u00bboff\u00bb global_colors_info=\u00bb{}\u00bb]<\/p>\n<p>Autor: Red.es<\/p>\n<p>T\u00edtulo: Transformando la experiencia de usuario en las pymes: estrategias para el \u00e9xito digital<\/p>\n<p>Fecha: 2024<\/p>\n<p>[\/et_pb_text][\/et_pb_column][\/et_pb_row][et_pb_row column_structure=\u00bb1_3,1_3,1_3&#8243; _builder_version=\u00bb4.16&#8243; _module_preset=\u00bbdefault\u00bb locked=\u00bboff\u00bb global_colors_info=\u00bb{}\u00bb][et_pb_column type=\u00bb1_3&#8243; _builder_version=\u00bb4.16&#8243; _module_preset=\u00bbdefault\u00bb global_colors_info=\u00bb{}\u00bb][et_pb_image src=\u00bbhttps:\/\/www.cidaut.es\/acelerapyme\/wp-content\/uploads\/2025\/03\/Diseno_de_productos_y_servicios_digitales.jpg\u00bb title_text=\u00bbDiseno_de_productos_y_servicios_digitales\u00bb url=\u00bbhttps:\/\/www.cidaut.es\/acelerapyme\/wp-content\/uploads\/2025\/03\/19_Diseno-de-productos-y-servicios-digitales.pdf\u00bb url_new_window=\u00bbon\u00bb align=\u00bbcenter\u00bb _builder_version=\u00bb4.27.4&#8243; _module_preset=\u00bbdefault\u00bb locked=\u00bboff\u00bb global_colors_info=\u00bb{}\u00bb][\/et_pb_image][et_pb_text _builder_version=\u00bb4.27.4&#8243; _module_preset=\u00bbdefault\u00bb locked=\u00bboff\u00bb global_colors_info=\u00bb{}\u00bb]<\/p>\n<p>Autor: Red.es<\/p>\n<p>T\u00edtulo: Dise\u00f1o de productos y servicios digitales<\/p>\n<p>Fecha: 2024<\/p>\n<p>[\/et_pb_text][\/et_pb_column][et_pb_column type=\u00bb1_3&#8243; _builder_version=\u00bb4.16&#8243; _module_preset=\u00bbdefault\u00bb global_colors_info=\u00bb{}\u00bb][et_pb_image src=\u00bbhttps:\/\/www.cidaut.es\/acelerapyme\/wp-content\/uploads\/2025\/02\/Herramientas_de_diseno_para_tu_pyme.jpg\u00bb title_text=\u00bbHerramientas_de_diseno_para_tu_pyme\u00bb url=\u00bbhttps:\/\/www.cidaut.es\/acelerapyme\/wp-content\/uploads\/2025\/02\/Herramientas_de_diseno_para_tu_pyme.pdf\u00bb url_new_window=\u00bbon\u00bb align=\u00bbcenter\u00bb _builder_version=\u00bb4.27.4&#8243; _module_preset=\u00bbdefault\u00bb locked=\u00bboff\u00bb global_colors_info=\u00bb{}\u00bb][\/et_pb_image][et_pb_text _builder_version=\u00bb4.27.4&#8243; _module_preset=\u00bbdefault\u00bb locked=\u00bboff\u00bb global_colors_info=\u00bb{}\u00bb]<\/p>\n<p>Autor: Red.es<\/p>\n<p>T\u00edtulo: Herramientas de dise\u00f1o para tu PYME\u00a0<\/p>\n<p>Fecha: 2024<\/p>\n<p>[\/et_pb_text][\/et_pb_column][et_pb_column type=\u00bb1_3&#8243; _builder_version=\u00bb4.16&#8243; _module_preset=\u00bbdefault\u00bb global_colors_info=\u00bb{}\u00bb][et_pb_image src=\u00bbhttps:\/\/www.cidaut.es\/acelerapyme\/wp-content\/uploads\/2025\/02\/Blockchain_smart_contracts.jpg\u00bb title_text=\u00bbBlockchain_smart_contracts\u00bb url=\u00bbhttps:\/\/www.cidaut.es\/acelerapyme\/wp-content\/uploads\/2025\/02\/Blockchain_y_Smart_Contracts.pdf\u00bb url_new_window=\u00bbon\u00bb align=\u00bbcenter\u00bb _builder_version=\u00bb4.27.4&#8243; _module_preset=\u00bbdefault\u00bb locked=\u00bboff\u00bb global_colors_info=\u00bb{}\u00bb][\/et_pb_image][et_pb_text _builder_version=\u00bb4.27.4&#8243; _module_preset=\u00bbdefault\u00bb locked=\u00bboff\u00bb global_colors_info=\u00bb{}\u00bb]<\/p>\n<p>Autor: Red.es<\/p>\n<p>T\u00edtulo: Blockchain y Smart Contracts: Herramientas claves para el futuro de las pymes<\/p>\n<p>Fecha: 2024<\/p>\n<p>[\/et_pb_text][\/et_pb_column][\/et_pb_row][et_pb_row column_structure=\u00bb1_3,1_3,1_3&#8243; _builder_version=\u00bb4.16&#8243; _module_preset=\u00bbdefault\u00bb locked=\u00bboff\u00bb global_colors_info=\u00bb{}\u00bb][et_pb_column type=\u00bb1_3&#8243; _builder_version=\u00bb4.16&#8243; _module_preset=\u00bbdefault\u00bb global_colors_info=\u00bb{}\u00bb][et_pb_image src=\u00bbhttps:\/\/www.cidaut.es\/acelerapyme\/wp-content\/uploads\/2024\/11\/productividad.jpg\u00bb title_text=\u00bbproductividad\u00bb url=\u00bbhttps:\/\/www.cidaut.es\/acelerapyme\/wp-content\/uploads\/2024\/11\/241024_Productividad.pdf\u00bb url_new_window=\u00bbon\u00bb align=\u00bbcenter\u00bb _builder_version=\u00bb4.27.3&#8243; _module_preset=\u00bbdefault\u00bb locked=\u00bboff\u00bb global_colors_info=\u00bb{}\u00bb][\/et_pb_image][et_pb_text _builder_version=\u00bb4.27.3&#8243; _module_preset=\u00bbdefault\u00bb locked=\u00bboff\u00bb global_colors_info=\u00bb{}\u00bb]<\/p>\n<p>Autor: OAP CIDAUT<\/p>\n<p>T\u00edtulo: Soluciones de productividad para el trabajo a distancia<\/p>\n<p>Fecha: 2024<\/p>\n<p>[\/et_pb_text][\/et_pb_column][et_pb_column type=\u00bb1_3&#8243; _builder_version=\u00bb4.16&#8243; _module_preset=\u00bbdefault\u00bb global_colors_info=\u00bb{}\u00bb][et_pb_image src=\u00bbhttps:\/\/www.cidaut.es\/acelerapyme\/wp-content\/uploads\/2024\/10\/tecnologia_aplicada_pymes.jpg\u00bb title_text=\u00bbtecnologia_aplicada_pymes\u00bb url=\u00bbhttps:\/\/www.cidaut.es\/acelerapyme\/wp-content\/uploads\/2024\/10\/Tecnologia_cuantica_aplicada_a_las_pymes.pdf\u00bb url_new_window=\u00bbon\u00bb align=\u00bbcenter\u00bb _builder_version=\u00bb4.27.2&#8243; _module_preset=\u00bbdefault\u00bb locked=\u00bboff\u00bb global_colors_info=\u00bb{}\u00bb][\/et_pb_image][et_pb_text _builder_version=\u00bb4.27.2&#8243; _module_preset=\u00bbdefault\u00bb locked=\u00bboff\u00bb global_colors_info=\u00bb{}\u00bb]<\/p>\n<p>Autor: Red.es<\/p>\n<p>T\u00edtulo: Tecnolog\u00eda cu\u00e1ntica aplicada a las PYMEs\u00a0<\/p>\n<p>Fecha: 2024<\/p>\n<p>[\/et_pb_text][\/et_pb_column][et_pb_column type=\u00bb1_3&#8243; _builder_version=\u00bb4.16&#8243; _module_preset=\u00bbdefault\u00bb global_colors_info=\u00bb{}\u00bb][et_pb_image src=\u00bbhttps:\/\/www.cidaut.es\/acelerapyme\/wp-content\/uploads\/2024\/07\/innovacion_nuevos_modelos_negocio.jpg\u00bb title_text=\u00bbinnovacion_nuevos_modelos_negocio\u00bb url=\u00bbhttps:\/\/www.cidaut.es\/acelerapyme\/wp-content\/uploads\/2024\/07\/2024_La_innovacion_y_los_nuevos_modelos_de_negocio_en_pymes_y_autonomos.pdf\u00bb url_new_window=\u00bbon\u00bb align=\u00bbcenter\u00bb _builder_version=\u00bb4.27.0&#8243; _module_preset=\u00bbdefault\u00bb locked=\u00bboff\u00bb global_colors_info=\u00bb{}\u00bb][\/et_pb_image][et_pb_text _builder_version=\u00bb4.27.0&#8243; _module_preset=\u00bbdefault\u00bb locked=\u00bboff\u00bb global_colors_info=\u00bb{}\u00bb]<\/p>\n<p>Autor: Red.es<\/p>\n<p>T\u00edtulo: La innovaci\u00f3n y los nuevos modelos de negocio en pymes y aut\u00f3nomos<\/p>\n<p>Fecha: 2024<\/p>\n<p>[\/et_pb_text][\/et_pb_column][\/et_pb_row][et_pb_row column_structure=\u00bb1_3,1_3,1_3&#8243; _builder_version=\u00bb4.16&#8243; _module_preset=\u00bbdefault\u00bb locked=\u00bboff\u00bb global_colors_info=\u00bb{}\u00bb][et_pb_column type=\u00bb1_3&#8243; _builder_version=\u00bb4.16&#8243; _module_preset=\u00bbdefault\u00bb global_colors_info=\u00bb{}\u00bb][et_pb_image src=\u00bbhttps:\/\/www.cidaut.es\/acelerapyme\/wp-content\/uploads\/2024\/06\/Visualizacion_estrategica_cuadros_mando.jpg\u00bb title_text=\u00bbVisualizacion_estrategica_cuadros_mando\u00bb url=\u00bbhttps:\/\/www.cidaut.es\/acelerapyme\/wp-content\/uploads\/2024\/06\/Visualizacion_estrategica_cuadros_mando.pdf\u00bb url_new_window=\u00bbon\u00bb align=\u00bbcenter\u00bb _builder_version=\u00bb4.27.0&#8243; _module_preset=\u00bbdefault\u00bb locked=\u00bboff\u00bb global_colors_info=\u00bb{}\u00bb][\/et_pb_image][et_pb_text _builder_version=\u00bb4.27.0&#8243; _module_preset=\u00bbdefault\u00bb locked=\u00bboff\u00bb global_colors_info=\u00bb{}\u00bb]<\/p>\n<p>Autor: Red.es<\/p>\n<p>T\u00edtulo: Visualizaci\u00f3n estrat\u00e9gica. Cuadros de mando para PYMEs<\/p>\n<p>Fecha: 2024<\/p>\n<p>[\/et_pb_text][\/et_pb_column][et_pb_column type=\u00bb1_3&#8243; _builder_version=\u00bb4.16&#8243; _module_preset=\u00bbdefault\u00bb global_colors_info=\u00bb{}\u00bb][et_pb_image src=\u00bbhttps:\/\/www.cidaut.es\/acelerapyme\/wp-content\/uploads\/2024\/02\/factura_electronica.jpg\u00bb title_text=\u00bbfactura_electronica\u00bb url=\u00bbhttps:\/\/www.cidaut.es\/acelerapyme\/wp-content\/uploads\/2024\/02\/La_factura_electronica_nueva_necesidad_de_las_pymes.pdf\u00bb url_new_window=\u00bbon\u00bb align=\u00bbcenter\u00bb _builder_version=\u00bb4.16&#8243; _module_preset=\u00bbdefault\u00bb global_colors_info=\u00bb{}\u00bb][\/et_pb_image][et_pb_text _builder_version=\u00bb4.27.0&#8243; _module_preset=\u00bbdefault\u00bb global_colors_info=\u00bb{}\u00bb]<\/p>\n<p>Autor: Red.es<\/p>\n<p>T\u00edtulo: La factura electr\u00f3nica, nueva necesidad de las PYMEs<\/p>\n<p>Fecha: 2024<\/p>\n<p>[\/et_pb_text][\/et_pb_column][et_pb_column type=\u00bb1_3&#8243; _builder_version=\u00bb4.16&#8243; _module_preset=\u00bbdefault\u00bb global_colors_info=\u00bb{}\u00bb][et_pb_image src=\u00bbhttps:\/\/www.cidaut.es\/acelerapyme\/wp-content\/uploads\/2024\/02\/domina_presencia_online.jpg\u00bb title_text=\u00bbdomina_presencia_online\u00bb url=\u00bbhttps:\/\/www.cidaut.es\/acelerapyme\/wp-content\/uploads\/2024\/02\/Domina_la_presencia_online_como_un_CMS_puede_impulsar_el_crecimiento_de_tu_pyme.pdf\u00bb url_new_window=\u00bbon\u00bb align=\u00bbcenter\u00bb _builder_version=\u00bb4.16&#8243; _module_preset=\u00bbdefault\u00bb global_colors_info=\u00bb{}\u00bb][\/et_pb_image][et_pb_text _builder_version=\u00bb4.27.0&#8243; _module_preset=\u00bbdefault\u00bb global_colors_info=\u00bb{}\u00bb]<\/p>\n<p>Autor: Red.es<\/p>\n<p>T\u00edtulo: Domina la presencia online: c\u00f3mo un CMS puede impulsar el crecimiento de tu PYME<\/p>\n<p>Fecha: 2024<\/p>\n<p>[\/et_pb_text][\/et_pb_column][\/et_pb_row][et_pb_row column_structure=\u00bb1_3,1_3,1_3&#8243; _builder_version=\u00bb4.16&#8243; _module_preset=\u00bbdefault\u00bb locked=\u00bboff\u00bb global_colors_info=\u00bb{}\u00bb][et_pb_column type=\u00bb1_3&#8243; _builder_version=\u00bb4.16&#8243; _module_preset=\u00bbdefault\u00bb global_colors_info=\u00bb{}\u00bb][et_pb_image src=\u00bbhttps:\/\/www.cidaut.es\/acelerapyme\/wp-content\/uploads\/2021\/09\/desarrollo_competencias_digitales.jpg\u00bb title_text=\u00bbdesarrollo_competencias_digitales\u00bb url=\u00bbhttps:\/\/ametic.es\/es\/publicaciones\/libro-blanco-de-ametic-para-el-desarrollo-de-competencias-digitales\u00bb url_new_window=\u00bbon\u00bb align=\u00bbcenter\u00bb _builder_version=\u00bb4.16&#8243; _module_preset=\u00bbdefault\u00bb locked=\u00bboff\u00bb global_colors_info=\u00bb{}\u00bb][\/et_pb_image][et_pb_text _builder_version=\u00bb4.16&#8243; _module_preset=\u00bbdefault\u00bb locked=\u00bboff\u00bb global_colors_info=\u00bb{}\u00bb]<\/p>\n<p>Autor: AMETIC<\/p>\n<p>T\u00edtulo: Desarrollo de competencias digitales<\/p>\n<p>Fecha: 2021<\/p>\n<p>[\/et_pb_text][\/et_pb_column][et_pb_column type=\u00bb1_3&#8243; _builder_version=\u00bb4.16&#8243; _module_preset=\u00bbdefault\u00bb global_colors_info=\u00bb{}\u00bb][et_pb_image src=\u00bbhttps:\/\/www.cidaut.es\/acelerapyme\/wp-content\/uploads\/2021\/09\/guia_transformacion_digital.jpg\u00bb title_text=\u00bbguia_transformacion_digital\u00bb url=\u00bbhttps:\/\/www.camara.es\/guia-basica-para-la-transformacion-digital-de-la-pyme\u00bb url_new_window=\u00bbon\u00bb align=\u00bbcenter\u00bb _builder_version=\u00bb4.16&#8243; _module_preset=\u00bbdefault\u00bb global_colors_info=\u00bb{}\u00bb][\/et_pb_image][et_pb_text _builder_version=\u00bb4.16&#8243; _module_preset=\u00bbdefault\u00bb global_colors_info=\u00bb{}\u00bb]<\/p>\n<p>Autor: C\u00e1mara Comercio de Espa\u00f1a<\/p>\n<p>T\u00edtulo: Gu\u00eda b\u00e1sica para la transformaci\u00f3n digital de la pyme<\/p>\n<p>Fecha: 2020<\/p>\n<p>[\/et_pb_text][\/et_pb_column][et_pb_column type=\u00bb1_3&#8243; _builder_version=\u00bb4.16&#8243; _module_preset=\u00bbdefault\u00bb global_colors_info=\u00bb{}\u00bb][et_pb_image src=\u00bbhttps:\/\/www.cidaut.es\/acelerapyme\/wp-content\/uploads\/2021\/09\/guia_transformacion_digital_peq.jpg\u00bb title_text=\u00bbguia_transformacion_digital_peq\u00bb url=\u00bbhttps:\/\/www.cem-malaga.es\/portalcem\/novedades\/2020\/Gu%C3%ADa_Transformaci%C3%B3nDigital\/Gui%CC%81a%20de%20transformacio%CC%81n%20digital%20en%20el%20pequen%CC%83o%20comercio.pdf\u00bb url_new_window=\u00bbon\u00bb align=\u00bbcenter\u00bb _builder_version=\u00bb4.16&#8243; _module_preset=\u00bbdefault\u00bb global_colors_info=\u00bb{}\u00bb][\/et_pb_image][et_pb_text _builder_version=\u00bb4.16&#8243; _module_preset=\u00bbdefault\u00bb global_colors_info=\u00bb{}\u00bb]<\/p>\n<p>Autor: Confederaci\u00f3n de Empresarios de M\u00e1laga<\/p>\n<p>T\u00edtulo: Gui\u0301a de transformacio\u0301n digital en el pequen\u0303o comercio<\/p>\n<p>Fecha: 2020<\/p>\n<p>[\/et_pb_text][\/et_pb_column][\/et_pb_row][et_pb_row column_structure=\u00bb1_3,1_3,1_3&#8243; _builder_version=\u00bb4.16&#8243; _module_preset=\u00bbdefault\u00bb global_colors_info=\u00bb{}\u00bb][et_pb_column type=\u00bb1_3&#8243; _builder_version=\u00bb4.16&#8243; _module_preset=\u00bbdefault\u00bb global_colors_info=\u00bb{}\u00bb][et_pb_image src=\u00bbhttps:\/\/www.cidaut.es\/acelerapyme\/wp-content\/uploads\/2021\/09\/plan_espana_digital_2025.jpg\u00bb title_text=\u00bbplan_espana_digital_2025&#8243; url=\u00bbhttps:\/\/www.lamoncloa.gob.es\/presidente\/actividades\/Documents\/2020\/230720-Espa%C3%B1aDigital_2025.pdf\u00bb url_new_window=\u00bbon\u00bb align=\u00bbcenter\u00bb _builder_version=\u00bb4.16&#8243; _module_preset=\u00bbdefault\u00bb locked=\u00bboff\u00bb global_colors_info=\u00bb{}\u00bb][\/et_pb_image][et_pb_text _builder_version=\u00bb4.16&#8243; _module_preset=\u00bbdefault\u00bb locked=\u00bboff\u00bb global_colors_info=\u00bb{}\u00bb]<\/p>\n<p>Autor: Gobierno de Espa\u00f1a<\/p>\n<p>T\u00edtulo: Plan Espa\u00f1a Digital 2025<\/p>\n<p>Fecha: 2020<\/p>\n<p>[\/et_pb_text][\/et_pb_column][et_pb_column type=\u00bb1_3&#8243; _builder_version=\u00bb4.16&#8243; _module_preset=\u00bbdefault\u00bb global_colors_info=\u00bb{}\u00bb][et_pb_image src=\u00bbhttps:\/\/www.cidaut.es\/acelerapyme\/wp-content\/uploads\/2021\/09\/transformacion_digital_construccion.jpg\u00bb title_text=\u00bbtransformacion_digital_construccion\u00bb url=\u00bbhttps:\/\/plataformaptec.es\/documentos\/informe-consulta-trans-digital\/\u00bb url_new_window=\u00bbon\u00bb align=\u00bbcenter\u00bb _builder_version=\u00bb4.16&#8243; _module_preset=\u00bbdefault\u00bb locked=\u00bboff\u00bb global_colors_info=\u00bb{}\u00bb][\/et_pb_image][et_pb_text _builder_version=\u00bb4.16&#8243; _module_preset=\u00bbdefault\u00bb locked=\u00bboff\u00bb global_colors_info=\u00bb{}\u00bb]<\/p>\n<p>Autor: PTEC<\/p>\n<p>T\u00edtulo: Transformaci\u00f3n digital del sector construcci\u00f3n en Espa\u00f1a<\/p>\n<p>Fecha: 2019<\/p>\n<p>[\/et_pb_text][\/et_pb_column][et_pb_column type=\u00bb1_3&#8243; _builder_version=\u00bb4.16&#8243; _module_preset=\u00bbdefault\u00bb global_colors_info=\u00bb{}\u00bb][et_pb_image src=\u00bbhttps:\/\/www.cidaut.es\/acelerapyme\/wp-content\/uploads\/2021\/09\/transformacion_digital_ametic.jpg\u00bb title_text=\u00bbtransformacion_digital_ametic\u00bb url=\u00bbhttps:\/\/ametic.es\/es\/publicaciones\/transformaci%C3%B3n-digital-visi%C3%B3n-y-propuesta-de-ametic-0&#8243; url_new_window=\u00bbon\u00bb align=\u00bbcenter\u00bb _builder_version=\u00bb4.16&#8243; _module_preset=\u00bbdefault\u00bb locked=\u00bboff\u00bb global_colors_info=\u00bb{}\u00bb][\/et_pb_image][et_pb_text _builder_version=\u00bb4.16&#8243; _module_preset=\u00bbdefault\u00bb locked=\u00bboff\u00bb global_colors_info=\u00bb{}\u00bb]<\/p>\n<p>Autor: AMETIC<\/p>\n<p>T\u00edtulo: Transformaci\u00f3n digital. Visi\u00f3n y Propuesta de AMETIC.<\/p>\n<p>Fecha: 2017<\/p>\n<p>[\/et_pb_text][\/et_pb_column][\/et_pb_row][et_pb_row column_structure=\u00bb3_4,1_4&#8243; _builder_version=\u00bb4.16&#8243; _module_preset=\u00bbdefault\u00bb locked=\u00bboff\u00bb global_colors_info=\u00bb{}\u00bb][et_pb_column type=\u00bb3_4&#8243; _builder_version=\u00bb4.16&#8243; _module_preset=\u00bbdefault\u00bb global_colors_info=\u00bb{}\u00bb][et_pb_text _builder_version=\u00bb4.27.0&#8243; _module_preset=\u00bbdefault\u00bb text_text_color=\u00bb#203864&#8243; text_font_size=\u00bb24px\u00bb custom_css_main_element=\u00bbborder-bottom: 2px solid #ff0066;||padding-bottom:10px;||\u00bb global_colors_info=\u00bb{}\u00bb]<\/p>\n<p><b>Apoyo a la transformaci\u00f3n digital<\/b><\/p>\n<p>[\/et_pb_text][\/et_pb_column][et_pb_column type=\u00bb1_4&#8243; _builder_version=\u00bb4.16&#8243; _module_preset=\u00bbdefault\u00bb global_colors_info=\u00bb{}\u00bb][\/et_pb_column][\/et_pb_row][et_pb_row column_structure=\u00bb1_3,1_3,1_3&#8243; _builder_version=\u00bb4.27.4&#8243; _module_preset=\u00bbdefault\u00bb locked=\u00bboff\u00bb global_colors_info=\u00bb{}\u00bb][et_pb_column type=\u00bb1_3&#8243; _builder_version=\u00bb4.16&#8243; _module_preset=\u00bbdefault\u00bb global_colors_info=\u00bb{}\u00bb][et_pb_image src=\u00bbhttps:\/\/www.cidaut.es\/acelerapyme\/wp-content\/uploads\/2025\/05\/La_deduccion_por_actividades_de_Investigacion_Desarrollo.jpg\u00bb title_text=\u00bbLa_deduccion_por_actividades_de_Investigacion_Desarrollo\u00bb url=\u00bbhttps:\/\/www.cidaut.es\/acelerapyme\/wp-content\/uploads\/2025\/05\/40_La-deduccion-por-actividades-de-Investigacion-Desarrollo-e-Innovacion-tecnologica-en-el-desarrollo-del-software.pdf\u00bb url_new_window=\u00bbon\u00bb align=\u00bbcenter\u00bb _builder_version=\u00bb4.27.4&#8243; _module_preset=\u00bbdefault\u00bb global_colors_info=\u00bb{}\u00bb][\/et_pb_image][et_pb_text _builder_version=\u00bb4.27.4&#8243; _module_preset=\u00bbdefault\u00bb locked=\u00bboff\u00bb global_colors_info=\u00bb{}\u00bb]<\/p>\n<p>Autor: AMETIC<\/p>\n<p>T\u00edtulo: La deduccion por actividades de Investigacion Desarrollo e Innovacion tecnologica en el desarrollo del software<\/p>\n<p>Fecha: 2024<\/p>\n<p>[\/et_pb_text][\/et_pb_column][et_pb_column type=\u00bb1_3&#8243; _builder_version=\u00bb4.27.4&#8243; _module_preset=\u00bbdefault\u00bb global_colors_info=\u00bb{}\u00bb][et_pb_image src=\u00bbhttps:\/\/www.cidaut.es\/acelerapyme\/wp-content\/uploads\/2024\/09\/guia_kit_digital.jpg\u00bb title_text=\u00bbguia_kit_digital\u00bb url=\u00bbhttps:\/\/www.cidaut.es\/acelerapyme\/wp-content\/uploads\/2024\/09\/2024_Kit%20Digital.pdf\u00bb url_new_window=\u00bbon\u00bb align=\u00bbcenter\u00bb _builder_version=\u00bb4.27.0&#8243; _module_preset=\u00bbdefault\u00bb locked=\u00bboff\u00bb global_colors_info=\u00bb{}\u00bb][\/et_pb_image][et_pb_text _builder_version=\u00bb4.27.0&#8243; _module_preset=\u00bbdefault\u00bb locked=\u00bboff\u00bb global_colors_info=\u00bb{}\u00bb]<\/p>\n<p>Autor: OAP CIDAUT<\/p>\n<p>T\u00edtulo: Kit Digital, gu\u00eda actualizada 2024<\/p>\n<p>Fecha: 2024<\/p>\n<p>[\/et_pb_text][\/et_pb_column][et_pb_column type=\u00bb1_3&#8243; _builder_version=\u00bb4.16&#8243; _module_preset=\u00bbdefault\u00bb global_colors_info=\u00bb{}\u00bb][et_pb_image src=\u00bbhttps:\/\/www.cidaut.es\/acelerapyme\/wp-content\/uploads\/2024\/07\/guia_kit_consulting.jpg\u00bb title_text=\u00bbguia_kit_consulting\u00bb url=\u00bbhttps:\/\/www.cidaut.es\/acelerapyme\/wp-content\/uploads\/2024\/07\/2024_Presentacion.pdf\u00bb url_new_window=\u00bbon\u00bb align=\u00bbcenter\u00bb _builder_version=\u00bb4.27.0&#8243; _module_preset=\u00bbdefault\u00bb locked=\u00bboff\u00bb global_colors_info=\u00bb{}\u00bb][\/et_pb_image][et_pb_text _builder_version=\u00bb4.27.0&#8243; _module_preset=\u00bbdefault\u00bb locked=\u00bboff\u00bb global_colors_info=\u00bb{}\u00bb]<\/p>\n<p>Autor: CIDAUT<\/p>\n<p>T\u00edtulo: GU\u00cdA ORIENTATIVA KIT CONSULTING<\/p>\n<p>Fecha: 2024<\/p>\n<p>[\/et_pb_text][\/et_pb_column][\/et_pb_row][et_pb_row column_structure=\u00bb3_5,2_5&#8243; _builder_version=\u00bb4.16&#8243; _module_preset=\u00bbdefault\u00bb locked=\u00bboff\u00bb global_colors_info=\u00bb{}\u00bb][et_pb_column type=\u00bb3_5&#8243; _builder_version=\u00bb4.16&#8243; _module_preset=\u00bbdefault\u00bb global_colors_info=\u00bb{}\u00bb][et_pb_text _builder_version=\u00bb4.16&#8243; _module_preset=\u00bbdefault\u00bb text_text_color=\u00bb#203864&#8243; text_font_size=\u00bb24px\u00bb custom_css_main_element=\u00bbborder-bottom: 2px solid #ff0066;||padding-bottom:10px;||\u00bb global_colors_info=\u00bb{}\u00bb]<\/p>\n<p><b>Recursos en <\/b><b>materia de comercio electr\u00f3nico<\/b><\/p>\n<p>[\/et_pb_text][\/et_pb_column][et_pb_column type=\u00bb2_5&#8243; _builder_version=\u00bb4.16&#8243; _module_preset=\u00bbdefault\u00bb global_colors_info=\u00bb{}\u00bb][\/et_pb_column][\/et_pb_row][et_pb_row column_structure=\u00bb1_3,1_3,1_3&#8243; _builder_version=\u00bb4.16&#8243; _module_preset=\u00bbdefault\u00bb global_colors_info=\u00bb{}\u00bb][et_pb_column type=\u00bb1_3&#8243; _builder_version=\u00bb4.16&#8243; _module_preset=\u00bbdefault\u00bb global_colors_info=\u00bb{}\u00bb][et_pb_image src=\u00bbhttps:\/\/www.cidaut.es\/acelerapyme\/wp-content\/uploads\/2025\/05\/Gamificacion_para_pymes.jpg\u00bb title_text=\u00bbGamificaci\u00f3n_para_pymes\u00bb url=\u00bbhttps:\/\/www.cidaut.es\/acelerapyme\/wp-content\/uploads\/2025\/05\/33_Gamificacion-para-pymes.pdf\u00bb url_new_window=\u00bbon\u00bb align=\u00bbcenter\u00bb _builder_version=\u00bb4.27.4&#8243; _module_preset=\u00bbdefault\u00bb locked=\u00bboff\u00bb global_colors_info=\u00bb{}\u00bb][\/et_pb_image][et_pb_text _builder_version=\u00bb4.27.4&#8243; _module_preset=\u00bbdefault\u00bb locked=\u00bboff\u00bb global_colors_info=\u00bb{}\u00bb]<\/p>\n<p>Autor: red.es<\/p>\n<p>T\u00edtulo: Gamificaci\u00f3n para pymes<\/p>\n<p>Fecha: 2025<\/p>\n<p>[\/et_pb_text][\/et_pb_column][et_pb_column type=\u00bb1_3&#8243; _builder_version=\u00bb4.16&#8243; _module_preset=\u00bbdefault\u00bb global_colors_info=\u00bb{}\u00bb][\/et_pb_column][et_pb_column type=\u00bb1_3&#8243; _builder_version=\u00bb4.16&#8243; _module_preset=\u00bbdefault\u00bb global_colors_info=\u00bb{}\u00bb][\/et_pb_column][\/et_pb_row][et_pb_row column_structure=\u00bb1_3,1_3,1_3&#8243; _builder_version=\u00bb4.16&#8243; _module_preset=\u00bbdefault\u00bb locked=\u00bboff\u00bb global_colors_info=\u00bb{}\u00bb][et_pb_column type=\u00bb1_3&#8243; _builder_version=\u00bb4.16&#8243; _module_preset=\u00bbdefault\u00bb global_colors_info=\u00bb{}\u00bb][et_pb_image src=\u00bbhttps:\/\/www.cidaut.es\/acelerapyme\/wp-content\/uploads\/2025\/03\/Desde_el_primer_acercamiento.jpg\u00bb title_text=\u00bbDesde_el_primer_acercamiento\u00bb url=\u00bbhttps:\/\/www.cidaut.es\/acelerapyme\/wp-content\/uploads\/2025\/03\/24_Desde-el-primer-acercamiento-hasta-la-compra-final-optimizando-el-Customer-Journey-en-pymes-y-autonomos.pdf\u00bb url_new_window=\u00bbon\u00bb align=\u00bbcenter\u00bb _builder_version=\u00bb4.27.4&#8243; _module_preset=\u00bbdefault\u00bb locked=\u00bboff\u00bb global_colors_info=\u00bb{}\u00bb][\/et_pb_image][et_pb_text _builder_version=\u00bb4.27.4&#8243; _module_preset=\u00bbdefault\u00bb locked=\u00bboff\u00bb global_colors_info=\u00bb{}\u00bb]<\/p>\n<p>Autor: red.es<\/p>\n<p>T\u00edtulo: Desde el primer acercamiento hasta la compra final: Optimizando el Customer Journey en pymes y aut\u00f3nomos<\/p>\n<p>Fecha: 2024<\/p>\n<p>[\/et_pb_text][\/et_pb_column][et_pb_column type=\u00bb1_3&#8243; _builder_version=\u00bb4.16&#8243; _module_preset=\u00bbdefault\u00bb global_colors_info=\u00bb{}\u00bb][et_pb_image src=\u00bbhttps:\/\/www.cidaut.es\/acelerapyme\/wp-content\/uploads\/2025\/03\/Marketplaces_101.jpg\u00bb title_text=\u00bbMarketplaces_101&#8243; url=\u00bbhttps:\/\/www.cidaut.es\/acelerapyme\/wp-content\/uploads\/2025\/03\/20_Marketplaces-101-una-guia-esencial-para-pymes-y-autonomos.pdf\u00bb url_new_window=\u00bbon\u00bb align=\u00bbcenter\u00bb _builder_version=\u00bb4.27.4&#8243; _module_preset=\u00bbdefault\u00bb locked=\u00bboff\u00bb global_colors_info=\u00bb{}\u00bb][\/et_pb_image][et_pb_text _builder_version=\u00bb4.27.4&#8243; _module_preset=\u00bbdefault\u00bb locked=\u00bboff\u00bb global_colors_info=\u00bb{}\u00bb]<\/p>\n<p>Autor: red.es<\/p>\n<p>T\u00edtulo: Marketplaces 101: Una gu\u00eda esencial para pymes y aut\u00f3nomos<\/p>\n<p>Fecha: 2024<\/p>\n<p>[\/et_pb_text][\/et_pb_column][et_pb_column type=\u00bb1_3&#8243; _builder_version=\u00bb4.16&#8243; _module_preset=\u00bbdefault\u00bb global_colors_info=\u00bb{}\u00bb][et_pb_image src=\u00bbhttps:\/\/www.cidaut.es\/acelerapyme\/wp-content\/uploads\/2024\/11\/estudio_de_medios_de_pago_on-line.jpg\u00bb title_text=\u00bbestudio_de_medios_de_pago_on-line\u00bb url=\u00bbhttps:\/\/www.cidaut.es\/acelerapyme\/wp-content\/uploads\/2024\/11\/241017_Medios_de_pago_online.pdf\u00bb url_new_window=\u00bbon\u00bb align=\u00bbcenter\u00bb _builder_version=\u00bb4.27.3&#8243; _module_preset=\u00bbdefault\u00bb locked=\u00bboff\u00bb global_colors_info=\u00bb{}\u00bb][\/et_pb_image][et_pb_text _builder_version=\u00bb4.27.3&#8243; _module_preset=\u00bbdefault\u00bb locked=\u00bboff\u00bb global_colors_info=\u00bb{}\u00bb]<\/p>\n<p>Autor: OAP CIDAUT<\/p>\n<p>T\u00edtulo: Comercio electr\u00f3nico: estudio de medios de pago on-line<\/p>\n<p>Fecha: 2024<\/p>\n<p>[\/et_pb_text][\/et_pb_column][\/et_pb_row][et_pb_row column_structure=\u00bb1_3,1_3,1_3&#8243; _builder_version=\u00bb4.16&#8243; _module_preset=\u00bbdefault\u00bb locked=\u00bboff\u00bb global_colors_info=\u00bb{}\u00bb][et_pb_column type=\u00bb1_3&#8243; _builder_version=\u00bb4.16&#8243; _module_preset=\u00bbdefault\u00bb global_colors_info=\u00bb{}\u00bb][et_pb_image src=\u00bbhttps:\/\/www.cidaut.es\/acelerapyme\/wp-content\/uploads\/2023\/01\/marketplace.jpg\u00bb title_text=\u00bbmarketplace\u00bb url=\u00bbhttps:\/\/www.cidaut.es\/acelerapyme\/wp-content\/uploads\/2023\/01\/Documento_de_referencia_de_e-Commerce_y_Marketplace.pdf\u00bb url_new_window=\u00bbon\u00bb align=\u00bbcenter\u00bb _builder_version=\u00bb4.16&#8243; _module_preset=\u00bbdefault\u00bb locked=\u00bboff\u00bb global_colors_info=\u00bb{}\u00bb][\/et_pb_image][et_pb_text _builder_version=\u00bb4.16&#8243; _module_preset=\u00bbdefault\u00bb locked=\u00bboff\u00bb global_colors_info=\u00bb{}\u00bb]<\/p>\n<p>Autor: Red.es<\/p>\n<p>T\u00edtulo: Comercio electr\u00f3nico y marketplace<\/p>\n<p>Fecha: Enero 2022<\/p>\n<p>[\/et_pb_text][\/et_pb_column][et_pb_column type=\u00bb1_3&#8243; _builder_version=\u00bb4.16&#8243; _module_preset=\u00bbdefault\u00bb global_colors_info=\u00bb{}\u00bb][et_pb_image src=\u00bbhttps:\/\/www.cidaut.es\/acelerapyme\/wp-content\/uploads\/2022\/12\/posicionamiento_seo.jpg\u00bb title_text=\u00bbposicionamiento_seo\u00bb url=\u00bbhttps:\/\/www.cidaut.es\/acelerapyme\/wp-content\/uploads\/2022\/12\/PosicionamientoSEO.pdf\u00bb url_new_window=\u00bbon\u00bb align=\u00bbcenter\u00bb _builder_version=\u00bb4.16&#8243; _module_preset=\u00bbdefault\u00bb locked=\u00bboff\u00bb global_colors_info=\u00bb{}\u00bb][\/et_pb_image][et_pb_text _builder_version=\u00bb4.16&#8243; _module_preset=\u00bbdefault\u00bb locked=\u00bboff\u00bb global_colors_info=\u00bb{}\u00bb]<\/p>\n<p>Autor: Red.es<\/p>\n<p>T\u00edtulo: Posicionamiento SEO \u2013 C\u00f3mo destacar entre tus competidores<\/p>\n<p>Fecha: Octubre 2021<\/p>\n<p>[\/et_pb_text][\/et_pb_column][et_pb_column type=\u00bb1_3&#8243; _builder_version=\u00bb4.16&#8243; _module_preset=\u00bbdefault\u00bb global_colors_info=\u00bb{}\u00bb][et_pb_image src=\u00bbhttps:\/\/www.cidaut.es\/acelerapyme\/wp-content\/uploads\/2021\/09\/ecommerce.jpg\u00bb title_text=\u00bbecommerce\u00bb url=\u00bbhttp:\/\/www.navarra.es\/NR\/rdonlyres\/3E43B1A0-B3E3-47FA-A629-FF16EED710D7\/471201\/Guiaecommerce2.pdf\u00bb url_new_window=\u00bbon\u00bb align=\u00bbcenter\u00bb _builder_version=\u00bb4.16&#8243; _module_preset=\u00bbdefault\u00bb locked=\u00bboff\u00bb global_colors_info=\u00bb{}\u00bb][\/et_pb_image][et_pb_text _builder_version=\u00bb4.16&#8243; _module_preset=\u00bbdefault\u00bb locked=\u00bboff\u00bb global_colors_info=\u00bb{}\u00bb]<\/p>\n<p>Autor: Gobierno de Navarra<\/p>\n<p>T\u00edtulo: Gu\u00eda para desarrollar un e-commerce<\/p>\n<p>Fecha: 2021<\/p>\n<p>[\/et_pb_text][\/et_pb_column][\/et_pb_row][et_pb_row column_structure=\u00bb1_3,1_3,1_3&#8243; _builder_version=\u00bb4.16&#8243; _module_preset=\u00bbdefault\u00bb global_colors_info=\u00bb{}\u00bb][et_pb_column type=\u00bb1_3&#8243; _builder_version=\u00bb4.16&#8243; _module_preset=\u00bbdefault\u00bb global_colors_info=\u00bb{}\u00bb][et_pb_image src=\u00bbhttps:\/\/www.cidaut.es\/acelerapyme\/wp-content\/uploads\/2021\/09\/nuevas_reglas.jpg\u00bb title_text=\u00bbnuevas_reglas\u00bb url=\u00bbhttps:\/\/apafcv.com\/download-file\/Cuestiones%20generales%20comercio%20electronico.pdf\u00bb url_new_window=\u00bbon\u00bb align=\u00bbcenter\u00bb _builder_version=\u00bb4.16&#8243; _module_preset=\u00bbdefault\u00bb global_colors_info=\u00bb{}\u00bb][\/et_pb_image][et_pb_text _builder_version=\u00bb4.16&#8243; _module_preset=\u00bbdefault\u00bb global_colors_info=\u00bb{}\u00bb]<\/p>\n<p>Autor: AEAT<\/p>\n<p>T\u00edtulo: Nuevas reglas en la tributaci\u00f3n en el IVA del comercio electr\u00f3nico<\/p>\n<p>Fecha: 2021<\/p>\n<p>[\/et_pb_text][\/et_pb_column][et_pb_column type=\u00bb1_3&#8243; _builder_version=\u00bb4.16&#8243; _module_preset=\u00bbdefault\u00bb global_colors_info=\u00bb{}\u00bb][et_pb_image src=\u00bbhttps:\/\/www.cidaut.es\/acelerapyme\/wp-content\/uploads\/2021\/09\/retos.jpg\u00bb title_text=\u00bbretos\u00bb url=\u00bbhttp:\/\/cfc-asturias.es\/uploads\/material\/fichero\/428\/120_terminos_de_e-commerce.pdf\u00bb url_new_window=\u00bbon\u00bb align=\u00bbcenter\u00bb _builder_version=\u00bb4.16&#8243; _module_preset=\u00bbdefault\u00bb locked=\u00bboff\u00bb global_colors_info=\u00bb{}\u00bb][\/et_pb_image][et_pb_text _builder_version=\u00bb4.16&#8243; _module_preset=\u00bbdefault\u00bb locked=\u00bboff\u00bb global_colors_info=\u00bb{}\u00bb]<\/p>\n<p>Autor: ADICAE<\/p>\n<p>T\u00edtulo: Retos del presente y futuro en el E-commerce: Seguridad, privacidad e informaci\u00f3n a los consumidores<\/p>\n<p>Fecha: 2019<\/p>\n<p>[\/et_pb_text][\/et_pb_column][et_pb_column type=\u00bb1_3&#8243; _builder_version=\u00bb4.16&#8243; _module_preset=\u00bbdefault\u00bb global_colors_info=\u00bb{}\u00bb][et_pb_image src=\u00bbhttps:\/\/www.cidaut.es\/acelerapyme\/wp-content\/uploads\/2021\/09\/retos.jpg\u00bb title_text=\u00bbretos\u00bb url=\u00bbhttp:\/\/cfc-asturias.es\/uploads\/material\/fichero\/428\/120_terminos_de_e-commerce.pdf\u00bb url_new_window=\u00bbon\u00bb align=\u00bbcenter\u00bb _builder_version=\u00bb4.16&#8243; _module_preset=\u00bbdefault\u00bb locked=\u00bboff\u00bb global_colors_info=\u00bb{}\u00bb][\/et_pb_image][et_pb_text _builder_version=\u00bb4.16&#8243; _module_preset=\u00bbdefault\u00bb locked=\u00bboff\u00bb global_colors_info=\u00bb{}\u00bb]<\/p>\n<p>Autor: ADICAE<\/p>\n<p>T\u00edtulo: Retos del presente y futuro en el E-commerce: Seguridad, privacidad e informaci\u00f3n a los consumidores<\/p>\n<p>Fecha: 2019<\/p>\n<p>[\/et_pb_text][\/et_pb_column][\/et_pb_row][et_pb_row column_structure=\u00bb1_3,1_3,1_3&#8243; _builder_version=\u00bb4.16&#8243; _module_preset=\u00bbdefault\u00bb locked=\u00bboff\u00bb global_colors_info=\u00bb{}\u00bb][et_pb_column type=\u00bb1_3&#8243; _builder_version=\u00bb4.16&#8243; _module_preset=\u00bbdefault\u00bb global_colors_info=\u00bb{}\u00bb][et_pb_image src=\u00bbhttps:\/\/www.cidaut.es\/acelerapyme\/wp-content\/uploads\/2021\/09\/ciberseguridad.jpg\u00bb title_text=\u00bbciberseguridad\u00bb url=\u00bbhttps:\/\/www.incibe.es\/protege-tu-empresa\/guias\/guia-ciberseguridad-comercio-electronico\u00bb url_new_window=\u00bbon\u00bb align=\u00bbcenter\u00bb _builder_version=\u00bb4.16&#8243; _module_preset=\u00bbdefault\u00bb locked=\u00bboff\u00bb global_colors_info=\u00bb{}\u00bb][\/et_pb_image][et_pb_text _builder_version=\u00bb4.16&#8243; _module_preset=\u00bbdefault\u00bb locked=\u00bboff\u00bb global_colors_info=\u00bb{}\u00bb]<\/p>\n<p>Autor: INCIBE<\/p>\n<p>T\u00edtulo: Ciberseguridad en comercio electr\u00f3nico. Una gu\u00eda de aproximaci\u00f3n para el empresario<\/p>\n<p>Fecha: 2015<\/p>\n<p>[\/et_pb_text][\/et_pb_column][et_pb_column type=\u00bb1_3&#8243; _builder_version=\u00bb4.16&#8243; _module_preset=\u00bbdefault\u00bb global_colors_info=\u00bb{}\u00bb][et_pb_image src=\u00bbhttps:\/\/www.cidaut.es\/acelerapyme\/wp-content\/uploads\/2021\/09\/fraude_identidad.jpg\u00bb title_text=\u00bbfraude_identidad\u00bb url=\u00bbhttps:\/\/www.incibe.es\/protege-tu-empresa\/que-te-interesa\/fraude-gestion-identidad-online\u00bb url_new_window=\u00bbon\u00bb align=\u00bbcenter\u00bb _builder_version=\u00bb4.16&#8243; _module_preset=\u00bbdefault\u00bb global_colors_info=\u00bb{}\u00bb][\/et_pb_image][et_pb_text _builder_version=\u00bb4.16&#8243; _module_preset=\u00bbdefault\u00bb global_colors_info=\u00bb{}\u00bb]<\/p>\n<p>Autor: INCIBE<\/p>\n<p>T\u00edtulo: Fraude y Gesti\u00f3n de la Identidad Online<\/p>\n<p>Fecha: np<\/p>\n<p>[\/et_pb_text][\/et_pb_column][et_pb_column type=\u00bb1_3&#8243; _builder_version=\u00bb4.16&#8243; _module_preset=\u00bbdefault\u00bb global_colors_info=\u00bb{}\u00bb][et_pb_image src=\u00bbhttps:\/\/www.cidaut.es\/acelerapyme\/wp-content\/uploads\/2021\/09\/teletrabajo.jpg\u00bb title_text=\u00bbteletrabajo\u00bb url=\u00bbhttps:\/\/sede.educacion.gob.es\/publiventa\/PdfServlet?pdf=VP18905.pdf&#038;area=E\u00bb url_new_window=\u00bbon\u00bb align=\u00bbcenter\u00bb _builder_version=\u00bb4.16&#8243; _module_preset=\u00bbdefault\u00bb locked=\u00bboff\u00bb global_colors_info=\u00bb{}\u00bb][\/et_pb_image][et_pb_text _builder_version=\u00bb4.16&#8243; _module_preset=\u00bbdefault\u00bb locked=\u00bboff\u00bb global_colors_info=\u00bb{}\u00bb]<\/p>\n<p>Autor: Ministerio de Educaci\u00f3n, Cultura y Deporte<\/p>\n<p>T\u00edtulo: Teletrabajo y comercio electr\u00f3nico<\/p>\n<p>Fecha: np<\/p>\n<p>[\/et_pb_text][\/et_pb_column][\/et_pb_row][et_pb_row column_structure=\u00bb2_3,1_3&#8243; _builder_version=\u00bb4.16&#8243; _module_preset=\u00bbdefault\u00bb locked=\u00bboff\u00bb global_colors_info=\u00bb{}\u00bb][et_pb_column type=\u00bb2_3&#8243; _builder_version=\u00bb4.16&#8243; _module_preset=\u00bbdefault\u00bb global_colors_info=\u00bb{}\u00bb][et_pb_text _builder_version=\u00bb4.16&#8243; _module_preset=\u00bbdefault\u00bb text_text_color=\u00bb#203864&#8243; text_font_size=\u00bb24px\u00bb custom_css_main_element=\u00bbborder-bottom: 2px solid #ff0066;||padding-bottom:10px;||\u00bb global_colors_info=\u00bb{}\u00bb]<\/p>\n<p><b>Sistemas de Planificaci\u00f3n de Recursos Empresariales <\/b><\/p>\n<p>[\/et_pb_text][\/et_pb_column][et_pb_column type=\u00bb1_3&#8243; _builder_version=\u00bb4.16&#8243; _module_preset=\u00bbdefault\u00bb global_colors_info=\u00bb{}\u00bb][\/et_pb_column][\/et_pb_row][et_pb_row column_structure=\u00bb1_3,1_3,1_3&#8243; _builder_version=\u00bb4.16&#8243; _module_preset=\u00bbdefault\u00bb locked=\u00bboff\u00bb global_colors_info=\u00bb{}\u00bb][et_pb_column type=\u00bb1_3&#8243; _builder_version=\u00bb4.16&#8243; _module_preset=\u00bbdefault\u00bb global_colors_info=\u00bb{}\u00bb][et_pb_image src=\u00bbhttps:\/\/www.cidaut.es\/acelerapyme\/wp-content\/uploads\/2025\/03\/Stock_4.0_Optimizacion_inteligente.jpg\u00bb title_text=\u00bbStock_4.0_Optimizacion_inteligente\u00bb url=\u00bbhttps:\/\/www.cidaut.es\/acelerapyme\/wp-content\/uploads\/2025\/03\/26_Stock-4.0-Optimizacion-inteligente-para-la-gestion-de-stock-en-pymes.pdf\u00bb url_new_window=\u00bbon\u00bb align=\u00bbcenter\u00bb _builder_version=\u00bb4.27.4&#8243; _module_preset=\u00bbdefault\u00bb locked=\u00bboff\u00bb global_colors_info=\u00bb{}\u00bb][\/et_pb_image][et_pb_text _builder_version=\u00bb4.27.4&#8243; _module_preset=\u00bbdefault\u00bb locked=\u00bboff\u00bb global_colors_info=\u00bb{}\u00bb]<\/p>\n<p>Autor: Red.es<\/p>\n<p>T\u00edtulo: Stock 4.0 Optimizaci\u00f3n inteligente para la gesti\u00f3n de stock en pymes<\/p>\n<p>Fecha: 2024<\/p>\n<p>[\/et_pb_text][\/et_pb_column][et_pb_column type=\u00bb1_3&#8243; _builder_version=\u00bb4.16&#8243; _module_preset=\u00bbdefault\u00bb global_colors_info=\u00bb{}\u00bb][et_pb_image src=\u00bbhttps:\/\/www.cidaut.es\/acelerapyme\/wp-content\/uploads\/2025\/02\/Herramientas_para_la_gestion_financiera.jpg\u00bb title_text=\u00bbHerramientas_para_la_gestion_financiera\u00bb url=\u00bbhttps:\/\/www.cidaut.es\/acelerapyme\/wp-content\/uploads\/2025\/02\/Herramientas_para_la_gestion_financiera_de_las_pymes.pdf\u00bb url_new_window=\u00bbon\u00bb align=\u00bbcenter\u00bb _builder_version=\u00bb4.27.4&#8243; _module_preset=\u00bbdefault\u00bb locked=\u00bboff\u00bb global_colors_info=\u00bb{}\u00bb][\/et_pb_image][et_pb_text _builder_version=\u00bb4.27.4&#8243; _module_preset=\u00bbdefault\u00bb locked=\u00bboff\u00bb global_colors_info=\u00bb{}\u00bb]<\/p>\n<p>Autor: Red.es<\/p>\n<p>T\u00edtulo: Herramientas para la gesti\u00f3n financiera de las pymes<\/p>\n<p>Fecha: 2024<\/p>\n<p>[\/et_pb_text][\/et_pb_column][et_pb_column type=\u00bb1_3&#8243; _builder_version=\u00bb4.16&#8243; _module_preset=\u00bbdefault\u00bb global_colors_info=\u00bb{}\u00bb][\/et_pb_column][\/et_pb_row][et_pb_row column_structure=\u00bb1_3,1_3,1_3&#8243; _builder_version=\u00bb4.16&#8243; _module_preset=\u00bbdefault\u00bb locked=\u00bboff\u00bb global_colors_info=\u00bb{}\u00bb][et_pb_column type=\u00bb1_3&#8243; _builder_version=\u00bb4.16&#8243; _module_preset=\u00bbdefault\u00bb global_colors_info=\u00bb{}\u00bb][et_pb_image src=\u00bbhttps:\/\/www.cidaut.es\/acelerapyme\/wp-content\/uploads\/2023\/05\/gestion_procesos.jpg\u00bb title_text=\u00bbgestion_procesos\u00bb url=\u00bbhttps:\/\/www.cidaut.es\/acelerapyme\/wp-content\/uploads\/2023\/05\/Documento_de_referencia_de_gestion_de_procesos.pdf\u00bb url_new_window=\u00bbon\u00bb align=\u00bbcenter\u00bb _builder_version=\u00bb4.16&#8243; _module_preset=\u00bbdefault\u00bb locked=\u00bboff\u00bb global_colors_info=\u00bb{}\u00bb][\/et_pb_image][et_pb_text _builder_version=\u00bb4.16&#8243; _module_preset=\u00bbdefault\u00bb locked=\u00bboff\u00bb global_colors_info=\u00bb{}\u00bb]<\/p>\n<p>Autor: Red.es<\/p>\n<p>T\u00edtulo: Gesti\u00f3n de procesos. Documento de referencia<\/p>\n<p>Fecha: Marzo 2023<\/p>\n<p>[\/et_pb_text][\/et_pb_column][et_pb_column type=\u00bb1_3&#8243; _builder_version=\u00bb4.16&#8243; _module_preset=\u00bbdefault\u00bb global_colors_info=\u00bb{}\u00bb][et_pb_image src=\u00bbhttps:\/\/www.cidaut.es\/acelerapyme\/wp-content\/uploads\/2022\/01\/planificacion_Recursos_Empresariales.jpg\u00bb title_text=\u00bbplanificacion_Recursos_Empresariales\u00bb url=\u00bbhttps:\/\/www.cidaut.es\/acelerapyme\/wp-content\/uploads\/2022\/01\/ERP.pdf\u00bb url_new_window=\u00bbon\u00bb align=\u00bbcenter\u00bb _builder_version=\u00bb4.16&#8243; _module_preset=\u00bbdefault\u00bb locked=\u00bboff\u00bb global_colors_info=\u00bb{}\u00bb][\/et_pb_image][et_pb_text _builder_version=\u00bb4.16&#8243; _module_preset=\u00bbdefault\u00bb locked=\u00bboff\u00bb global_colors_info=\u00bb{}\u00bb]<\/p>\n<p>Autor: CIDAUT<\/p>\n<p>T\u00edtulo: Sistemas de Planificaci\u00f3n de Recursos Empresariales<\/p>\n<p>Fecha: 2022<\/p>\n<p>[\/et_pb_text][\/et_pb_column][et_pb_column type=\u00bb1_3&#8243; _builder_version=\u00bb4.16&#8243; _module_preset=\u00bbdefault\u00bb global_colors_info=\u00bb{}\u00bb][et_pb_image src=\u00bbhttps:\/\/www.cidaut.es\/acelerapyme\/wp-content\/uploads\/2022\/12\/erp.jpg\u00bb title_text=\u00bberp\u00bb url=\u00bbhttps:\/\/www.cidaut.es\/acelerapyme\/wp-content\/uploads\/2022\/12\/ERP_Herramienta.pdf\u00bb url_new_window=\u00bbon\u00bb align=\u00bbcenter\u00bb _builder_version=\u00bb4.16&#8243; _module_preset=\u00bbdefault\u00bb locked=\u00bboff\u00bb global_colors_info=\u00bb{}\u00bb][\/et_pb_image][et_pb_text _builder_version=\u00bb4.16&#8243; _module_preset=\u00bbdefault\u00bb locked=\u00bboff\u00bb global_colors_info=\u00bb{}\u00bb]<\/p>\n<p>Autor: Red.es<\/p>\n<p>T\u00edtulo: ERP, la herramienta para la planificaci\u00f3n de tu pyme<\/p>\n<p>Fecha: Agosto 2021<\/p>\n<p>[\/et_pb_text][\/et_pb_column][\/et_pb_row][et_pb_row column_structure=\u00bb3_4,1_4&#8243; _builder_version=\u00bb4.16&#8243; _module_preset=\u00bbdefault\u00bb locked=\u00bboff\u00bb global_colors_info=\u00bb{}\u00bb][et_pb_column type=\u00bb3_4&#8243; _builder_version=\u00bb4.16&#8243; _module_preset=\u00bbdefault\u00bb global_colors_info=\u00bb{}\u00bb][et_pb_text _builder_version=\u00bb4.16&#8243; _module_preset=\u00bbdefault\u00bb text_text_color=\u00bb#203864&#8243; text_font_size=\u00bb24px\u00bb custom_css_main_element=\u00bbborder-bottom: 2px solid #ff0066;||padding-bottom:10px;||\u00bb global_colors_info=\u00bb{}\u00bb]<\/p>\n<p><b>Realidad Virtual, Realidad Aumentada y Realidad Mixta<\/b><\/p>\n<p>[\/et_pb_text][\/et_pb_column][et_pb_column type=\u00bb1_4&#8243; _builder_version=\u00bb4.16&#8243; _module_preset=\u00bbdefault\u00bb global_colors_info=\u00bb{}\u00bb][\/et_pb_column][\/et_pb_row][et_pb_row column_structure=\u00bb1_3,1_3,1_3&#8243; _builder_version=\u00bb4.16&#8243; _module_preset=\u00bbdefault\u00bb locked=\u00bboff\u00bb global_colors_info=\u00bb{}\u00bb][et_pb_column type=\u00bb1_3&#8243; _builder_version=\u00bb4.16&#8243; _module_preset=\u00bbdefault\u00bb global_colors_info=\u00bb{}\u00bb][et_pb_image src=\u00bbhttps:\/\/www.cidaut.es\/acelerapyme\/wp-content\/uploads\/2025\/05\/perspectivas_y_desafios_mundos_virtuales.jpg\u00bb title_text=\u00bbperspectivas_y_desaf\u00edos_mundos_virtuales\u00bb url=\u00bbhttps:\/\/www.cidaut.es\/acelerapyme\/wp-content\/uploads\/2025\/05\/43_Perspectivas-y-desafios-mundos-virtuales.pdf\u00bb url_new_window=\u00bbon\u00bb align=\u00bbcenter\u00bb _builder_version=\u00bb4.27.4&#8243; _module_preset=\u00bbdefault\u00bb locked=\u00bboff\u00bb global_colors_info=\u00bb{}\u00bb][\/et_pb_image][et_pb_text _builder_version=\u00bb4.27.4&#8243; _module_preset=\u00bbdefault\u00bb locked=\u00bboff\u00bb global_colors_info=\u00bb{}\u00bb]<\/p>\n<p>Autor: AMETIC<\/p>\n<p>T\u00edtulo: erspectivas y desaf\u00edos mundos virtuales<\/p>\n<p>Fecha: 2025<\/p>\n<p>[\/et_pb_text][\/et_pb_column][et_pb_column type=\u00bb1_3&#8243; _builder_version=\u00bb4.16&#8243; _module_preset=\u00bbdefault\u00bb global_colors_info=\u00bb{}\u00bb][et_pb_image src=\u00bbhttps:\/\/www.cidaut.es\/acelerapyme\/wp-content\/uploads\/2024\/02\/oportunidades_rv.jpg\u00bb title_text=\u00bboportunidades_rv\u00bb url=\u00bbhttps:\/\/www.cidaut.es\/acelerapyme\/wp-content\/uploads\/2024\/02\/Oportunidades_de_la_Realidad_Virtual_en_las_pymes.pdf\u00bb url_new_window=\u00bbon\u00bb align=\u00bbcenter\u00bb _builder_version=\u00bb4.16&#8243; _module_preset=\u00bbdefault\u00bb global_colors_info=\u00bb{}\u00bb][\/et_pb_image][et_pb_text _builder_version=\u00bb4.27.0&#8243; _module_preset=\u00bbdefault\u00bb locked=\u00bboff\u00bb global_colors_info=\u00bb{}\u00bb]<\/p>\n<p>Autor: Red.es<\/p>\n<p>T\u00edtulo: Oportunidades de la Realidad Virtual en las PYMEs<\/p>\n<p>Fecha: 2024<\/p>\n<p>[\/et_pb_text][\/et_pb_column][et_pb_column type=\u00bb1_3&#8243; _builder_version=\u00bb4.16&#8243; _module_preset=\u00bbdefault\u00bb global_colors_info=\u00bb{}\u00bb][et_pb_image src=\u00bbhttps:\/\/www.cidaut.es\/acelerapyme\/wp-content\/uploads\/2022\/01\/rv_ra.jpg\u00bb title_text=\u00bbrv_ra\u00bb url=\u00bbhttps:\/\/www.cidaut.es\/acelerapyme\/wp-content\/uploads\/2022\/01\/RV-RA-mixta.pdf\u00bb url_new_window=\u00bbon\u00bb align=\u00bbcenter\u00bb _builder_version=\u00bb4.16&#8243; _module_preset=\u00bbdefault\u00bb locked=\u00bboff\u00bb global_colors_info=\u00bb{}\u00bb][\/et_pb_image][et_pb_text _builder_version=\u00bb4.16&#8243; _module_preset=\u00bbdefault\u00bb locked=\u00bboff\u00bb global_colors_info=\u00bb{}\u00bb]<\/p>\n<p>Autor: CIDAUT<\/p>\n<p>T\u00edtulo: Realidad Virtual, Realidad Aumentada y Realidad Mixta<\/p>\n<p>Fecha: 2022<\/p>\n<p>[\/et_pb_text][\/et_pb_column][\/et_pb_row][et_pb_row column_structure=\u00bb3_4,1_4&#8243; _builder_version=\u00bb4.16&#8243; _module_preset=\u00bbdefault\u00bb locked=\u00bboff\u00bb global_colors_info=\u00bb{}\u00bb][et_pb_column type=\u00bb3_4&#8243; _builder_version=\u00bb4.16&#8243; _module_preset=\u00bbdefault\u00bb global_colors_info=\u00bb{}\u00bb][et_pb_text _builder_version=\u00bb4.16&#8243; _module_preset=\u00bbdefault\u00bb text_text_color=\u00bb#203864&#8243; text_font_size=\u00bb24px\u00bb custom_css_main_element=\u00bbborder-bottom: 2px solid #ff0066;||padding-bottom:10px;||\u00bb global_colors_info=\u00bb{}\u00bb]<\/p>\n<p><b>Procesos de soporte<\/b><\/p>\n<p>[\/et_pb_text][\/et_pb_column][et_pb_column type=\u00bb1_4&#8243; _builder_version=\u00bb4.16&#8243; _module_preset=\u00bbdefault\u00bb global_colors_info=\u00bb{}\u00bb][\/et_pb_column][\/et_pb_row][et_pb_row column_structure=\u00bb1_3,1_3,1_3&#8243; _builder_version=\u00bb4.16&#8243; _module_preset=\u00bbdefault\u00bb locked=\u00bboff\u00bb global_colors_info=\u00bb{}\u00bb][et_pb_column type=\u00bb1_3&#8243; _builder_version=\u00bb4.16&#8243; _module_preset=\u00bbdefault\u00bb global_colors_info=\u00bb{}\u00bb][et_pb_image src=\u00bbhttps:\/\/www.cidaut.es\/acelerapyme\/wp-content\/uploads\/2025\/05\/Libro_blanco_de_la_industria_sobre_aplicaciones_en_redes_POL.jpg\u00bb title_text=\u00bbLibro_blanco_de_la_industria_sobre_aplicaciones_en_redes_POL\u00bb url=\u00bbhttps:\/\/www.cidaut.es\/acelerapyme\/wp-content\/uploads\/2025\/05\/42_Libro-blanco-de-la-industria-sobre-aplicaciones-en-redes-POL-en-hospitales-inteligentes.pdf\u00bb url_new_window=\u00bbon\u00bb align=\u00bbcenter\u00bb _builder_version=\u00bb4.27.4&#8243; _module_preset=\u00bbdefault\u00bb global_colors_info=\u00bb{}\u00bb][\/et_pb_image][et_pb_text _builder_version=\u00bb4.27.4&#8243; _module_preset=\u00bbdefault\u00bb locked=\u00bboff\u00bb global_colors_info=\u00bb{}\u00bb]<\/p>\n<p>Autor: AMETIC<\/p>\n<p>T\u00edtulo: Libro blanco de la industria sobre aplicaciones en redes POL en hospitales inteligentes<\/p>\n<p>Fecha: 2025<\/p>\n<p>[\/et_pb_text][\/et_pb_column][et_pb_column type=\u00bb1_3&#8243; _builder_version=\u00bb4.16&#8243; _module_preset=\u00bbdefault\u00bb global_colors_info=\u00bb{}\u00bb][\/et_pb_column][et_pb_column type=\u00bb1_3&#8243; _builder_version=\u00bb4.16&#8243; _module_preset=\u00bbdefault\u00bb global_colors_info=\u00bb{}\u00bb][\/et_pb_column][\/et_pb_row][et_pb_row column_structure=\u00bb1_3,1_3,1_3&#8243; _builder_version=\u00bb4.16&#8243; _module_preset=\u00bbdefault\u00bb locked=\u00bboff\u00bb global_colors_info=\u00bb{}\u00bb][et_pb_column type=\u00bb1_3&#8243; _builder_version=\u00bb4.16&#8243; _module_preset=\u00bbdefault\u00bb global_colors_info=\u00bb{}\u00bb][et_pb_image src=\u00bbhttps:\/\/www.cidaut.es\/acelerapyme\/wp-content\/uploads\/2025\/05\/Herramientas_de_diseno_para_tu_pyme.jpg\u00bb title_text=\u00bbHerramientas_de_dise\u00f1o_para_tu_pyme\u00bb url=\u00bbhttps:\/\/www.cidaut.es\/acelerapyme\/wp-content\/uploads\/2025\/05\/32_Herramientas-de-diseno-para-tu-pyme.pdf\u00bb url_new_window=\u00bbon\u00bb align=\u00bbcenter\u00bb _builder_version=\u00bb4.27.4&#8243; _module_preset=\u00bbdefault\u00bb global_colors_info=\u00bb{}\u00bb][\/et_pb_image][et_pb_text _builder_version=\u00bb4.27.4&#8243; _module_preset=\u00bbdefault\u00bb locked=\u00bboff\u00bb global_colors_info=\u00bb{}\u00bb]<\/p>\n<p>Autor: Red.es<\/p>\n<p>T\u00edtulo: Herramientas de dise\u00f1o para tu pyme<\/p>\n<p>Fecha: 2025<\/p>\n<p>[\/et_pb_text][\/et_pb_column][et_pb_column type=\u00bb1_3&#8243; _builder_version=\u00bb4.16&#8243; _module_preset=\u00bbdefault\u00bb global_colors_info=\u00bb{}\u00bb][et_pb_image src=\u00bbhttps:\/\/www.cidaut.es\/acelerapyme\/wp-content\/uploads\/2025\/05\/Blockchain_y_Smart_Contracts.jpg\u00bb title_text=\u00bbBlockchain_y_Smart_Contracts\u00bb url=\u00bbhttps:\/\/www.cidaut.es\/acelerapyme\/wp-content\/uploads\/2025\/05\/31_Blockchain-y-Smart-Contracts.-Herramientas-clave-para-el-futuro-de-las-pymes.pdf\u00bb url_new_window=\u00bbon\u00bb align=\u00bbcenter\u00bb _builder_version=\u00bb4.27.4&#8243; _module_preset=\u00bbdefault\u00bb locked=\u00bboff\u00bb global_colors_info=\u00bb{}\u00bb][\/et_pb_image][et_pb_text _builder_version=\u00bb4.27.4&#8243; _module_preset=\u00bbdefault\u00bb locked=\u00bboff\u00bb global_colors_info=\u00bb{}\u00bb]<\/p>\n<p>Autor: Red.es<\/p>\n<p>T\u00edtulo: Blockchain y Smart Contracts. Herramientas clave para el futuro de las pymes<\/p>\n<p>Fecha: 2025<\/p>\n<p>[\/et_pb_text][\/et_pb_column][et_pb_column type=\u00bb1_3&#8243; _builder_version=\u00bb4.16&#8243; _module_preset=\u00bbdefault\u00bb global_colors_info=\u00bb{}\u00bb][et_pb_image src=\u00bbhttps:\/\/www.cidaut.es\/acelerapyme\/wp-content\/uploads\/2025\/05\/Telemedicina_y_salud_digital.jpg\u00bb title_text=\u00bbTelemedicina_y_salud_digital\u00bb url=\u00bbhttps:\/\/www.cidaut.es\/acelerapyme\/wp-content\/uploads\/2025\/05\/30_Telemedicina-y-salud-digital.pdf\u00bb url_new_window=\u00bbon\u00bb align=\u00bbcenter\u00bb _builder_version=\u00bb4.27.4&#8243; _module_preset=\u00bbdefault\u00bb locked=\u00bboff\u00bb global_colors_info=\u00bb{}\u00bb][\/et_pb_image][et_pb_text _builder_version=\u00bb4.27.4&#8243; _module_preset=\u00bbdefault\u00bb locked=\u00bboff\u00bb global_colors_info=\u00bb{}\u00bb]<\/p>\n<p>Autor: Red.es<\/p>\n<p>T\u00edtulo: Telemedicina y salud digital<\/p>\n<p>Fecha: 2025<\/p>\n<p>[\/et_pb_text][\/et_pb_column][\/et_pb_row][et_pb_row column_structure=\u00bb1_3,1_3,1_3&#8243; _builder_version=\u00bb4.16&#8243; _module_preset=\u00bbdefault\u00bb locked=\u00bboff\u00bb global_colors_info=\u00bb{}\u00bb][et_pb_column type=\u00bb1_3&#8243; _builder_version=\u00bb4.16&#8243; _module_preset=\u00bbdefault\u00bb global_colors_info=\u00bb{}\u00bb][et_pb_image src=\u00bbhttps:\/\/www.cidaut.es\/acelerapyme\/wp-content\/uploads\/2025\/03\/Transforma_tu_negocio_con_Marketing_Automation.jpg\u00bb title_text=\u00bbTransforma_tu_negocio_con_Marketing_Automation\u00bb url=\u00bbhttps:\/\/www.cidaut.es\/acelerapyme\/wp-content\/uploads\/2025\/03\/25_Transforma-tu-negocio-con-Marketing-Automation.pdf\u00bb url_new_window=\u00bbon\u00bb align=\u00bbcenter\u00bb _builder_version=\u00bb4.27.4&#8243; _module_preset=\u00bbdefault\u00bb global_colors_info=\u00bb{}\u00bb][\/et_pb_image][et_pb_text _builder_version=\u00bb4.27.4&#8243; _module_preset=\u00bbdefault\u00bb locked=\u00bboff\u00bb global_colors_info=\u00bb{}\u00bb]<\/p>\n<p>Autor: Red.es<\/p>\n<p>T\u00edtulo: Transforma tu negocio con Marketing Automation<\/p>\n<p>Fecha: 2024<\/p>\n<p>[\/et_pb_text][\/et_pb_column][et_pb_column type=\u00bb1_3&#8243; _builder_version=\u00bb4.16&#8243; _module_preset=\u00bbdefault\u00bb global_colors_info=\u00bb{}\u00bb][et_pb_image src=\u00bbhttps:\/\/www.cidaut.es\/acelerapyme\/wp-content\/uploads\/2025\/03\/Estrategia_SEM.jpg\u00bb title_text=\u00bbEstrategia_SEM\u00bb url=\u00bbhttps:\/\/www.cidaut.es\/acelerapyme\/wp-content\/uploads\/2025\/03\/23_Estrategia-SEM-como-dirigir-al-publico-objetivo-hacia-tu-negocio.pdf\u00bb url_new_window=\u00bbon\u00bb align=\u00bbcenter\u00bb _builder_version=\u00bb4.27.4&#8243; _module_preset=\u00bbdefault\u00bb locked=\u00bboff\u00bb global_colors_info=\u00bb{}\u00bb][\/et_pb_image][et_pb_text _builder_version=\u00bb4.27.4&#8243; _module_preset=\u00bbdefault\u00bb locked=\u00bboff\u00bb global_colors_info=\u00bb{}\u00bb]<\/p>\n<p>Autor: Red.es<\/p>\n<p>T\u00edtulo: Estrategia SEM: c\u00f3mo dirigir al p\u00fablico objetivo hacia tu negocio<\/p>\n<p>Fecha: 2024<\/p>\n<p>[\/et_pb_text][\/et_pb_column][et_pb_column type=\u00bb1_3&#8243; _builder_version=\u00bb4.16&#8243; _module_preset=\u00bbdefault\u00bb global_colors_info=\u00bb{}\u00bb][et_pb_image src=\u00bbhttps:\/\/www.cidaut.es\/acelerapyme\/wp-content\/uploads\/2025\/03\/La_atencion_total_a_cliente_y_las_ventajas_de_los_asistentes_virtuales_chatbots.jpg\u00bb title_text=\u00bbLa_atencion_total_a_cliente_y_las_ventajas_de_los_asistentes_virtuales_chatbots\u00bb url=\u00bbhttps:\/\/www.cidaut.es\/acelerapyme\/wp-content\/uploads\/2025\/03\/22_La-atencion-total-a-cliente-y-las-ventajas-de-los-asistentes-virtuales-chatbots.pdf\u00bb url_new_window=\u00bbon\u00bb align=\u00bbcenter\u00bb _builder_version=\u00bb4.27.4&#8243; _module_preset=\u00bbdefault\u00bb locked=\u00bboff\u00bb global_colors_info=\u00bb{}\u00bb][\/et_pb_image][et_pb_text _builder_version=\u00bb4.27.4&#8243; _module_preset=\u00bbdefault\u00bb locked=\u00bboff\u00bb global_colors_info=\u00bb{}\u00bb]<\/p>\n<p>Autor: Red.es<\/p>\n<p>T\u00edtulo: La atenci\u00f3n total a cliente y las ventajas de los asistentes virtuales \/<br \/>chatbots<\/p>\n<p>Fecha: 2024<\/p>\n<p>[\/et_pb_text][\/et_pb_column][\/et_pb_row][et_pb_row column_structure=\u00bb1_3,1_3,1_3&#8243; _builder_version=\u00bb4.16&#8243; _module_preset=\u00bbdefault\u00bb locked=\u00bboff\u00bb global_colors_info=\u00bb{}\u00bb][et_pb_column type=\u00bb1_3&#8243; _builder_version=\u00bb4.16&#8243; _module_preset=\u00bbdefault\u00bb global_colors_info=\u00bb{}\u00bb][et_pb_image src=\u00bbhttps:\/\/www.cidaut.es\/acelerapyme\/wp-content\/uploads\/2025\/02\/Innovacion_Inclusiva.jpg\u00bb title_text=\u00bbInnovacion_Inclusiva\u00bb url=\u00bbhttps:\/\/www.cidaut.es\/acelerapyme\/wp-content\/uploads\/2025\/02\/Innovacion_Inclusiva.pdf\u00bb url_new_window=\u00bbon\u00bb align=\u00bbcenter\u00bb _builder_version=\u00bb4.27.4&#8243; _module_preset=\u00bbdefault\u00bb global_colors_info=\u00bb{}\u00bb][\/et_pb_image][et_pb_text _builder_version=\u00bb4.27.4&#8243; _module_preset=\u00bbdefault\u00bb locked=\u00bboff\u00bb global_colors_info=\u00bb{}\u00bb]<\/p>\n<p>Autor: Red.es<\/p>\n<p>T\u00edtulo: Innovaci\u00f3n Inclusiva: Transforma tu pyme con Accesibilidad Digital<\/p>\n<p>Fecha: 2024<\/p>\n<p>[\/et_pb_text][\/et_pb_column][et_pb_column type=\u00bb1_3&#8243; _builder_version=\u00bb4.16&#8243; _module_preset=\u00bbdefault\u00bb global_colors_info=\u00bb{}\u00bb][et_pb_image src=\u00bbhttps:\/\/www.cidaut.es\/acelerapyme\/wp-content\/uploads\/2025\/02\/Maximizando_la_productividad.jpg\u00bb title_text=\u00bbMaximizando_la_productividad\u00bb url=\u00bbhttps:\/\/www.cidaut.es\/acelerapyme\/wp-content\/uploads\/2025\/02\/Maximizando_la_productividad.pdf\u00bb url_new_window=\u00bbon\u00bb align=\u00bbcenter\u00bb _builder_version=\u00bb4.27.4&#8243; _module_preset=\u00bbdefault\u00bb locked=\u00bboff\u00bb global_colors_info=\u00bb{}\u00bb][\/et_pb_image][et_pb_text _builder_version=\u00bb4.27.4&#8243; _module_preset=\u00bbdefault\u00bb locked=\u00bboff\u00bb global_colors_info=\u00bb{}\u00bb]<\/p>\n<p>Autor: Red.es<\/p>\n<p>T\u00edtulo: Maximizando la productividad. Power Automate y otras herramientas de automatizaci\u00f3n<\/p>\n<p>Fecha: Julio 2024<\/p>\n<p>[\/et_pb_text][\/et_pb_column][et_pb_column type=\u00bb1_3&#8243; _builder_version=\u00bb4.16&#8243; _module_preset=\u00bbdefault\u00bb global_colors_info=\u00bb{}\u00bb][et_pb_image src=\u00bbhttps:\/\/www.cidaut.es\/acelerapyme\/wp-content\/uploads\/2024\/10\/gestion_rrhh_mundo_digital.jpg\u00bb title_text=\u00bbgestion_rrhh_mundo_digital\u00bb url=\u00bbhttps:\/\/www.cidaut.es\/acelerapyme\/wp-content\/uploads\/2024\/10\/Gestion_de_RRHH_en_el_mundo_digital.pdf\u00bb url_new_window=\u00bbon\u00bb align=\u00bbcenter\u00bb _builder_version=\u00bb4.27.2&#8243; _module_preset=\u00bbdefault\u00bb locked=\u00bboff\u00bb global_colors_info=\u00bb{}\u00bb][\/et_pb_image][et_pb_text _builder_version=\u00bb4.27.2&#8243; _module_preset=\u00bbdefault\u00bb locked=\u00bboff\u00bb global_colors_info=\u00bb{}\u00bb]<\/p>\n<p>Autor: Red.es<\/p>\n<p>T\u00edtulo: Gesti\u00f3n de RRHH en el mundo digital<\/p>\n<p>Fecha: Marzo 2024<\/p>\n<p>[\/et_pb_text][\/et_pb_column][\/et_pb_row][et_pb_row column_structure=\u00bb1_3,1_3,1_3&#8243; _builder_version=\u00bb4.16&#8243; _module_preset=\u00bbdefault\u00bb locked=\u00bboff\u00bb global_colors_info=\u00bb{}\u00bb][et_pb_column type=\u00bb1_3&#8243; _builder_version=\u00bb4.16&#8243; _module_preset=\u00bbdefault\u00bb global_colors_info=\u00bb{}\u00bb][et_pb_image src=\u00bbhttps:\/\/www.cidaut.es\/acelerapyme\/wp-content\/uploads\/2022\/12\/firma_elect.jpg\u00bb title_text=\u00bbfirma_elect\u00bb url=\u00bbhttps:\/\/www.cidaut.es\/acelerapyme\/wp-content\/uploads\/2022\/12\/La_firma_electronica.pdf\u00bb url_new_window=\u00bbon\u00bb align=\u00bbcenter\u00bb _builder_version=\u00bb4.16&#8243; _module_preset=\u00bbdefault\u00bb global_colors_info=\u00bb{}\u00bb][\/et_pb_image][et_pb_text _builder_version=\u00bb4.16&#8243; _module_preset=\u00bbdefault\u00bb locked=\u00bboff\u00bb global_colors_info=\u00bb{}\u00bb]<\/p>\n<p>Autor: Red.es<\/p>\n<p>T\u00edtulo: La firma electr\u00f3nica para la mejora de tus procesos<\/p>\n<p>Fecha: Marzo 2022<\/p>\n<p>[\/et_pb_text][\/et_pb_column][et_pb_column type=\u00bb1_3&#8243; _builder_version=\u00bb4.16&#8243; _module_preset=\u00bbdefault\u00bb global_colors_info=\u00bb{}\u00bb][et_pb_image src=\u00bbhttps:\/\/www.cidaut.es\/acelerapyme\/wp-content\/uploads\/2022\/12\/presencia_intenet.jpg\u00bb title_text=\u00bbpresencia_intenet\u00bb url=\u00bbhttps:\/\/www.cidaut.es\/acelerapyme\/wp-content\/uploads\/2022\/12\/Documento_de_referencia_presencia_internet_redes_sociales.pdf\u00bb url_new_window=\u00bbon\u00bb align=\u00bbcenter\u00bb _builder_version=\u00bb4.16&#8243; _module_preset=\u00bbdefault\u00bb locked=\u00bboff\u00bb global_colors_info=\u00bb{}\u00bb][\/et_pb_image][et_pb_text _builder_version=\u00bb4.16&#8243; _module_preset=\u00bbdefault\u00bb locked=\u00bboff\u00bb global_colors_info=\u00bb{}\u00bb]<\/p>\n<p>Autor: Red.es<\/p>\n<p>T\u00edtulo: Presencia en internet, sitio web y redes sociales<\/p>\n<p>Fecha: 2022<\/p>\n<p>[\/et_pb_text][\/et_pb_column][et_pb_column type=\u00bb1_3&#8243; _builder_version=\u00bb4.16&#8243; _module_preset=\u00bbdefault\u00bb global_colors_info=\u00bb{}\u00bb][et_pb_image src=\u00bbhttps:\/\/www.cidaut.es\/acelerapyme\/wp-content\/uploads\/2022\/12\/gestion_clientes.jpg\u00bb title_text=\u00bbgestion_clientes\u00bb url=\u00bbhttps:\/\/www.cidaut.es\/acelerapyme\/wp-content\/uploads\/2022\/12\/Documento_de_referencia_de_la_Gestionde%20Clientes.pdf\u00bb url_new_window=\u00bbon\u00bb align=\u00bbcenter\u00bb _builder_version=\u00bb4.16&#8243; _module_preset=\u00bbdefault\u00bb locked=\u00bboff\u00bb global_colors_info=\u00bb{}\u00bb][\/et_pb_image][et_pb_text _builder_version=\u00bb4.16&#8243; _module_preset=\u00bbdefault\u00bb locked=\u00bboff\u00bb global_colors_info=\u00bb{}\u00bb]<\/p>\n<p>Autor: Red.es<\/p>\n<p>T\u00edtulo: Gesti\u00f3n de clientes<\/p>\n<p>Fecha: 2022<\/p>\n<p>[\/et_pb_text][\/et_pb_column][\/et_pb_row][et_pb_row column_structure=\u00bb3_4,1_4&#8243; _builder_version=\u00bb4.16&#8243; _module_preset=\u00bbdefault\u00bb locked=\u00bboff\u00bb global_colors_info=\u00bb{}\u00bb][et_pb_column type=\u00bb3_4&#8243; _builder_version=\u00bb4.16&#8243; _module_preset=\u00bbdefault\u00bb global_colors_info=\u00bb{}\u00bb][et_pb_text _builder_version=\u00bb4.16&#8243; _module_preset=\u00bbdefault\u00bb text_text_color=\u00bb#203864&#8243; text_font_size=\u00bb24px\u00bb custom_css_main_element=\u00bbborder-bottom: 2px solid #ff0066;||padding-bottom:10px;||\u00bb global_colors_info=\u00bb{}\u00bb]<\/p>\n<p><b>Business Intelligence y anal\u00edtica de datos<\/b><\/p>\n<p>[\/et_pb_text][\/et_pb_column][et_pb_column type=\u00bb1_4&#8243; _builder_version=\u00bb4.16&#8243; _module_preset=\u00bbdefault\u00bb global_colors_info=\u00bb{}\u00bb][\/et_pb_column][\/et_pb_row][et_pb_row column_structure=\u00bb1_3,1_3,1_3&#8243; _builder_version=\u00bb4.16&#8243; _module_preset=\u00bbdefault\u00bb locked=\u00bboff\u00bb global_colors_info=\u00bb{}\u00bb][et_pb_column type=\u00bb1_3&#8243; _builder_version=\u00bb4.16&#8243; _module_preset=\u00bbdefault\u00bb global_colors_info=\u00bb{}\u00bb][et_pb_image src=\u00bbhttps:\/\/www.cidaut.es\/acelerapyme\/wp-content\/uploads\/2023\/05\/bi_analitica_datos.jpg\u00bb title_text=\u00bbbi_analitica_datos\u00bb url=\u00bbhttps:\/\/www.cidaut.es\/acelerapyme\/wp-content\/uploads\/2023\/05\/Documento_referencia_BI_analitica_datos.pdf\u00bb url_new_window=\u00bbon\u00bb align=\u00bbcenter\u00bb _builder_version=\u00bb4.16&#8243; _module_preset=\u00bbdefault\u00bb global_colors_info=\u00bb{}\u00bb][\/et_pb_image][et_pb_text _builder_version=\u00bb4.16&#8243; _module_preset=\u00bbdefault\u00bb locked=\u00bboff\u00bb global_colors_info=\u00bb{}\u00bb]<\/p>\n<p>Autor: Red.es<\/p>\n<p>T\u00edtulo: Business Intelligence y anal\u00edtica de datos. Documento de referencia<\/p>\n<p>Fecha: Febrero 2023<\/p>\n<p>[\/et_pb_text][\/et_pb_column][et_pb_column type=\u00bb1_3&#8243; _builder_version=\u00bb4.16&#8243; _module_preset=\u00bbdefault\u00bb global_colors_info=\u00bb{}\u00bb][\/et_pb_column][et_pb_column type=\u00bb1_3&#8243; _builder_version=\u00bb4.16&#8243; _module_preset=\u00bbdefault\u00bb global_colors_info=\u00bb{}\u00bb][\/et_pb_column][\/et_pb_row][et_pb_row _builder_version=\u00bb4.16&#8243; _module_preset=\u00bbdefault\u00bb global_colors_info=\u00bb{}\u00bb][et_pb_column type=\u00bb4_4&#8243; _builder_version=\u00bb4.16&#8243; _module_preset=\u00bbdefault\u00bb global_colors_info=\u00bb{}\u00bb][et_pb_image src=\u00bbhttps:\/\/www.cidaut.es\/acelerapyme\/wp-content\/uploads\/2024\/01\/logos_pie.jpg\u00bb title_text=\u00bblogos_pie\u00bb align=\u00bbcenter\u00bb _builder_version=\u00bb4.16&#8243; _module_preset=\u00bbdefault\u00bb global_colors_info=\u00bb{}\u00bb][\/et_pb_image][\/et_pb_column][\/et_pb_row][\/et_pb_section]<\/p>\n","protected":false},"excerpt":{"rendered":"<p>CiberseguridadAutor: AMETIC T\u00edtulo: Informe sobre seguridad de la IA 2024 Fecha: 2025Autor: Red.es T\u00edtulo: An\u00e1lisis de firmware en dispositivos industriales Fecha: 2024Autor: Red.es T\u00edtulo: Estudio de herramientas para la actividad de reconocimiento Fecha: 2024Autor: AMETIC T\u00edtulo: Informe de seguridad de la IA Fecha: 2024Autor: INCIBE T\u00edtulo: Nuevas normativas de 2024 de ciberseguridad para veh\u00edculos Fecha: [&hellip;]<\/p>\n","protected":false},"author":1,"featured_media":0,"parent":0,"menu_order":0,"comment_status":"closed","ping_status":"closed","template":"","meta":{"_et_pb_use_builder":"on","_et_pb_old_content":"","_et_gb_content_width":"","footnotes":""},"class_list":["post-234","page","type-page","status-publish","hentry"],"_links":{"self":[{"href":"https:\/\/www.cidaut.es\/acelerapyme\/wp-json\/wp\/v2\/pages\/234","targetHints":{"allow":["GET"]}}],"collection":[{"href":"https:\/\/www.cidaut.es\/acelerapyme\/wp-json\/wp\/v2\/pages"}],"about":[{"href":"https:\/\/www.cidaut.es\/acelerapyme\/wp-json\/wp\/v2\/types\/page"}],"author":[{"embeddable":true,"href":"https:\/\/www.cidaut.es\/acelerapyme\/wp-json\/wp\/v2\/users\/1"}],"replies":[{"embeddable":true,"href":"https:\/\/www.cidaut.es\/acelerapyme\/wp-json\/wp\/v2\/comments?post=234"}],"version-history":[{"count":90,"href":"https:\/\/www.cidaut.es\/acelerapyme\/wp-json\/wp\/v2\/pages\/234\/revisions"}],"predecessor-version":[{"id":2890,"href":"https:\/\/www.cidaut.es\/acelerapyme\/wp-json\/wp\/v2\/pages\/234\/revisions\/2890"}],"wp:attachment":[{"href":"https:\/\/www.cidaut.es\/acelerapyme\/wp-json\/wp\/v2\/media?parent=234"}],"curies":[{"name":"wp","href":"https:\/\/api.w.org\/{rel}","templated":true}]}}