{"id":24,"date":"2021-07-02T06:42:49","date_gmt":"2021-07-02T06:42:49","guid":{"rendered":"https:\/\/www.cidaut.es\/acelerapymes\/?page_id=24"},"modified":"2025-07-16T07:31:27","modified_gmt":"2025-07-16T07:31:27","slug":"proyectos","status":"publish","type":"page","link":"https:\/\/www.cidaut.es\/acelerapyme\/proyectos\/","title":{"rendered":"Proyecto"},"content":{"rendered":"<p>[et_pb_section fb_built=\u00bb1&#8243; _builder_version=\u00bb4.16&#8243; _module_preset=\u00bbdefault\u00bb global_colors_info=\u00bb{}\u00bb][et_pb_row _builder_version=\u00bb4.16&#8243; _module_preset=\u00bbdefault\u00bb global_colors_info=\u00bb{}\u00bb][et_pb_column type=\u00bb4_4&#8243; _builder_version=\u00bb4.16&#8243; _module_preset=\u00bbdefault\u00bb global_colors_info=\u00bb{}\u00bb][et_pb_text _builder_version=\u00bb4.16&#8243; _module_preset=\u00bbdefault\u00bb text_text_color=\u00bb#203864&#8243; custom_padding=\u00bb||0px|||\u00bb global_colors_info=\u00bb{}\u00bb]<\/p>\n<h2><span>\u00bfQu\u00e9 es el programa\u00a0<\/span><span style=\"color: #e31d3d;\">Acelera pyme<\/span><span>?<\/span><\/h2>\n<p>[\/et_pb_text][\/et_pb_column][\/et_pb_row][et_pb_row _builder_version=\u00bb4.16&#8243; _module_preset=\u00bbdefault\u00bb global_colors_info=\u00bb{}\u00bb][et_pb_column type=\u00bb4_4&#8243; _builder_version=\u00bb4.16&#8243; _module_preset=\u00bbdefault\u00bb global_colors_info=\u00bb{}\u00bb][et_pb_text _builder_version=\u00bb4.27.4&#8243; _module_preset=\u00bbdefault\u00bb text_text_color=\u00bb#203864&#8243; text_orientation=\u00bbjustified\u00bb hover_enabled=\u00bb0&#8243; global_colors_info=\u00bb{}\u00bb sticky_enabled=\u00bb0&#8243;]<\/p>\n<p><span style=\"font-size: 18px;\">La <b>Fundaci\u00f3n CIDAUT <\/b>ha sido seleccionado por\u00a0<b>Red.es<\/b>, organismo adscrito al <b>Ministerio de Transformaci\u00f3n Digital y de la funci\u00f3n p\u00fablica<\/b>, para sumarse a la <b>Red de Oficinas Acelera Pyme<\/b> que opera a lo largo de todo el territorio nacional, y que tiene como objetivo\u00a0<b>apoyar los procesos de transformaci\u00f3n digital<\/b>\u00a0de las pymes.<\/span><\/p>\n<p>[\/et_pb_text][\/et_pb_column][\/et_pb_row][et_pb_row column_structure=\u00bb3_5,2_5&#8243; _builder_version=\u00bb4.16&#8243; _module_preset=\u00bbdefault\u00bb global_colors_info=\u00bb{}\u00bb][et_pb_column type=\u00bb3_5&#8243; _builder_version=\u00bb4.16&#8243; _module_preset=\u00bbdefault\u00bb global_colors_info=\u00bb{}\u00bb][et_pb_text _builder_version=\u00bb4.27.4&#8243; _module_preset=\u00bbdefault\u00bb text_text_color=\u00bb#203864&#8243; text_orientation=\u00bbjustified\u00bb global_colors_info=\u00bb{}\u00bb]<\/p>\n<p><span style=\"font-size: 18px;\">La <b>OFICINA ACELERA PYME <\/b> (OAP) de CIDAUT tiene como objeto impulsar la adopci\u00f3n de tecnolog\u00edas digitales por parte de las empresas, aut\u00f3nomos y emprendedores de la regi\u00f3n para ayudar a su transformaci\u00f3n digital y, con ello, a la transformaci\u00f3n de la econom\u00eda y de la sociedad hacia un entorno digitalizado.<\/span><\/p>\n<p><span>Las Oficinas Acelera pyme puestas en marcha en toda Espa\u00f1a por Red.es, entidad p\u00fablica adscrita al Ministerio de Transformaci\u00f3n Digital y de la funci\u00f3n p\u00fablica a trav\u00e9s de la Secretar\u00eda de Estado de Digitalizaci\u00f3n e Inteligencia Artificial, cuentan en su segunda convocatoria 2022 con un presupuesto de 11.830.851,68 \u20ac, de los cuales Red.es aportar\u00e1 hasta el 80% del presupuesto subvencionable y las entidades beneficiarias el resto. Las actuaciones est\u00e1n financiadas con cargo al Programa Operativo Crecimiento Inteligente, Fondos Europeos de Desarrollo Regional (FEDER) del periodo de programaci\u00f3n 2021-2027.<\/span><\/p>\n<p>Este servicio se materializa en un <strong>espacio <\/strong>tanto<strong> f\u00edsico <\/strong>como <strong>virtual<\/strong> en el que se realizan <strong>labores de sensibilizaci\u00f3n y apoyo<\/strong> a las empresas espa\u00f1olas (incluidas las de nueva creaci\u00f3n),sobre las ventajas y metodolog\u00edas innovadoras para <strong>optimizar el funcionamiento de sus negocios<\/strong>, <strong>mediante la incorporaci\u00f3n de<\/strong> las Tecnolog\u00edas de la Informaci\u00f3n y las Comunicaciones (<strong>TIC<\/strong>) <strong>en sus procesos<\/strong>, de modo que se favorezca la demanda de tecnolog\u00edas innovadoras que contribuyan a la mejora de su productividad.<\/p>\n<p>&nbsp;<\/p>\n<p>[\/et_pb_text][et_pb_text _builder_version=\u00bb4.27.4&#8243; _module_preset=\u00bbdefault\u00bb link_option_url=\u00bbhttps:\/\/www.cidaut.es\/acelerapyme\/wp-content\/uploads\/2025\/07\/Resumen_del_proyecto.pdf\u00bb link_option_url_new_window=\u00bbon\u00bb global_colors_info=\u00bb{}\u00bb]<\/p>\n<p><img decoding=\"async\" src=\"https:\/\/www.cidaut.es\/acelerapyme\/wp-content\/uploads\/2021\/09\/pdf.png\" style=\"width: 25px;\" \/> Resumen del Proyecto<\/p>\n<p>[\/et_pb_text][\/et_pb_column][et_pb_column type=\u00bb2_5&#8243; _builder_version=\u00bb4.16&#8243; _module_preset=\u00bbdefault\u00bb global_colors_info=\u00bb{}\u00bb][et_pb_image src=\u00bbhttps:\/\/www.cidaut.es\/acelerapyme\/wp-content\/uploads\/2021\/09\/proyecto.jpg\u00bb title_text=\u00bbproyecto\u00bb align=\u00bbright\u00bb _builder_version=\u00bb4.16&#8243; _module_preset=\u00bbdefault\u00bb min_height=\u00bb473px\u00bb global_colors_info=\u00bb{}\u00bb][\/et_pb_image][\/et_pb_column][\/et_pb_row][et_pb_row _builder_version=\u00bb4.16&#8243; _module_preset=\u00bbdefault\u00bb global_colors_info=\u00bb{}\u00bb][et_pb_column type=\u00bb4_4&#8243; _builder_version=\u00bb4.16&#8243; _module_preset=\u00bbdefault\u00bb global_colors_info=\u00bb{}\u00bb][et_pb_text _builder_version=\u00bb4.16&#8243; _module_preset=\u00bbdefault\u00bb text_text_color=\u00bb#203864&#8243; text_orientation=\u00bbjustified\u00bb global_colors_info=\u00bb{}\u00bb]<span style=\"font-size:18px\">Se persigue avanzar hacia un nuevo modelo de crecimiento econ\u00f3mico que posibilite <b>crear empleo<\/b>, <b>fijar empresas <\/b>existentes y que surjan <b>nuevas empresas <\/b>de manos de emprendedores locales. Del mismo modo, es objetivo tambi\u00e9n de proyecto tratar de <b>aumentar la fluidez digital de las mujeres <\/b>(entendida \u00e9sta como el buen uso y aprovechamiento de las tecnolog\u00edas para adquirir m\u00e1s conocimientos, ser m\u00e1s efectivos y estar mejor conectados en sus tareas del d\u00eda a d\u00eda) y posibilitar de esta manera ayudar a reducir de un modo m\u00e1s r\u00e1pido la brecha de g\u00e9nero existente en las empresas de nuestro pa\u00eds.<\/span>[\/et_pb_text][et_pb_text _builder_version=\u00bb4.16&#8243; _module_preset=\u00bbdefault\u00bb text_text_color=\u00bb#203864&#8243; text_font_size=\u00bb24px\u00bb text_orientation=\u00bbcenter\u00bb global_colors_info=\u00bb{}\u00bb]<\/p>\n<p><span style=\"font-size: 32px;\"><b>Impulsando el salto digital en pymes, aut\u00f3nomos y emprendedores<\/b><\/span><\/p>\n<p>[\/et_pb_text][\/et_pb_column][\/et_pb_row][et_pb_row column_structure=\u00bb1_3,1_3,1_3&#8243; _builder_version=\u00bb4.16&#8243; _module_preset=\u00bbdefault\u00bb custom_margin=\u00bb-20px||||false|false\u00bb custom_padding=\u00bb||0px|||\u00bb locked=\u00bboff\u00bb global_colors_info=\u00bb{}\u00bb][et_pb_column type=\u00bb1_3&#8243; _builder_version=\u00bb4.16&#8243; _module_preset=\u00bbdefault\u00bb global_colors_info=\u00bb{}\u00bb][et_pb_text _builder_version=\u00bb4.16&#8243; _module_preset=\u00bbdefault\u00bb global_colors_info=\u00bb{}\u00bb][\/et_pb_text][\/et_pb_column][et_pb_column type=\u00bb1_3&#8243; _builder_version=\u00bb4.16&#8243; _module_preset=\u00bbdefault\u00bb global_colors_info=\u00bb{}\u00bb][et_pb_text _builder_version=\u00bb4.16&#8243; _module_preset=\u00bbdefault\u00bb text_text_color=\u00bb#203864&#8243; text_font_size=\u00bb27px\u00bb text_orientation=\u00bbcenter\u00bb custom_css_main_element=\u00bbborder-top: 2px solid #ff0066;\u00bb global_colors_info=\u00bb{}\u00bb][\/et_pb_text][\/et_pb_column][et_pb_column type=\u00bb1_3&#8243; _builder_version=\u00bb4.16&#8243; _module_preset=\u00bbdefault\u00bb global_colors_info=\u00bb{}\u00bb][\/et_pb_column][\/et_pb_row][et_pb_row column_structure=\u00bb1_4,1_4,1_4,1_4&#8243; _builder_version=\u00bb4.16&#8243; _module_preset=\u00bbdefault\u00bb custom_margin=\u00bb-42px|auto||auto||\u00bb custom_padding=\u00bb59px|||||\u00bb locked=\u00bboff\u00bb global_colors_info=\u00bb{}\u00bb][et_pb_column type=\u00bb1_4&#8243; _builder_version=\u00bb4.16&#8243; _module_preset=\u00bbdefault\u00bb global_colors_info=\u00bb{}\u00bb][et_pb_image src=\u00bbhttps:\/\/www.cidaut.es\/acelerapyme\/wp-content\/uploads\/2021\/08\/sensi.jpg\u00bb title_text=\u00bbsensi\u00bb align=\u00bbcenter\u00bb _builder_version=\u00bb4.16&#8243; _module_preset=\u00bbdefault\u00bb global_colors_info=\u00bb{}\u00bb][\/et_pb_image][\/et_pb_column][et_pb_column type=\u00bb1_4&#8243; _builder_version=\u00bb4.16&#8243; _module_preset=\u00bbdefault\u00bb global_colors_info=\u00bb{}\u00bb][et_pb_image src=\u00bbhttps:\/\/www.cidaut.es\/acelerapyme\/wp-content\/uploads\/2021\/08\/proyec.jpg\u00bb title_text=\u00bbproyec\u00bb align=\u00bbcenter\u00bb _builder_version=\u00bb4.16&#8243; _module_preset=\u00bbdefault\u00bb global_colors_info=\u00bb{}\u00bb][\/et_pb_image][\/et_pb_column][et_pb_column type=\u00bb1_4&#8243; _builder_version=\u00bb4.16&#8243; _module_preset=\u00bbdefault\u00bb global_colors_info=\u00bb{}\u00bb][et_pb_image src=\u00bbhttps:\/\/www.cidaut.es\/acelerapyme\/wp-content\/uploads\/2021\/08\/aseso.jpg\u00bb title_text=\u00bbaseso\u00bb align=\u00bbcenter\u00bb _builder_version=\u00bb4.16&#8243; _module_preset=\u00bbdefault\u00bb global_colors_info=\u00bb{}\u00bb][\/et_pb_image][\/et_pb_column][et_pb_column type=\u00bb1_4&#8243; _builder_version=\u00bb4.16&#8243; _module_preset=\u00bbdefault\u00bb global_colors_info=\u00bb{}\u00bb][et_pb_image src=\u00bbhttps:\/\/www.cidaut.es\/acelerapyme\/wp-content\/uploads\/2021\/08\/fomen.jpg\u00bb title_text=\u00bbfomen\u00bb align=\u00bbcenter\u00bb _builder_version=\u00bb4.16&#8243; _module_preset=\u00bbdefault\u00bb global_colors_info=\u00bb{}\u00bb][\/et_pb_image][\/et_pb_column][\/et_pb_row][et_pb_row column_structure=\u00bb1_4,1_4,1_4,1_4&#8243; _builder_version=\u00bb4.16&#8243; _module_preset=\u00bbdefault\u00bb custom_margin=\u00bb-30px||||false|false\u00bb locked=\u00bboff\u00bb global_colors_info=\u00bb{}\u00bb][et_pb_column type=\u00bb1_4&#8243; _builder_version=\u00bb4.16&#8243; _module_preset=\u00bbdefault\u00bb global_colors_info=\u00bb{}\u00bb][et_pb_text _builder_version=\u00bb4.16&#8243; _module_preset=\u00bbdefault\u00bb text_orientation=\u00bbcenter\u00bb global_colors_info=\u00bb{}\u00bb]<\/p>\n<h4><a href=\"https:\/\/www.cidaut.es\/acelerapyme\/eventos\/\" title=\"Eventos\">Sensibilizaci\u00f3n sobre metodolog\u00edas y tecnolog\u00edas innovadoras<\/a><\/h4>\n<p>[\/et_pb_text][\/et_pb_column][et_pb_column type=\u00bb1_4&#8243; _builder_version=\u00bb4.16&#8243; _module_preset=\u00bbdefault\u00bb global_colors_info=\u00bb{}\u00bb][et_pb_text _builder_version=\u00bb4.16&#8243; _module_preset=\u00bbdefault\u00bb text_orientation=\u00bbcenter\u00bb global_colors_info=\u00bb{}\u00bb]<\/p>\n<h4><a href=\"https:\/\/www.cidaut.es\/\" target=\"_blank\" rel=\"noopener\" title=\"Cidaut\">Proyectos de I+D+i y servicios tecnol\u00f3gicos para apoyar a la pyme<\/a><\/h4>\n<p>[\/et_pb_text][\/et_pb_column][et_pb_column type=\u00bb1_4&#8243; _builder_version=\u00bb4.16&#8243; _module_preset=\u00bbdefault\u00bb global_colors_info=\u00bb{}\u00bb][et_pb_text _builder_version=\u00bb4.16&#8243; _module_preset=\u00bbdefault\u00bb text_orientation=\u00bbcenter\u00bb global_colors_info=\u00bb{}\u00bb]<\/p>\n<h4><a href=\"https:\/\/www.cidaut.es\/acelerapyme\/pedir-cita\/\" title=\"Pedir Cita\">Asesoramiento y atenci\u00f3n personalizada<\/a><\/h4>\n<p>[\/et_pb_text][\/et_pb_column][et_pb_column type=\u00bb1_4&#8243; _builder_version=\u00bb4.16&#8243; _module_preset=\u00bbdefault\u00bb global_colors_info=\u00bb{}\u00bb][et_pb_text _builder_version=\u00bb4.16&#8243; _module_preset=\u00bbdefault\u00bb text_orientation=\u00bbcenter\u00bb global_colors_info=\u00bb{}\u00bb]<\/p>\n<h4><a href=\"https:\/\/www.cidaut.es\/es\/cooperacion-entidades\" target=\"_blank\" rel=\"noopener\" title=\"Cidaut\">Fomento de las relaciones entre agentes del ecosistema<\/a><\/h4>\n<p>[\/et_pb_text][\/et_pb_column][\/et_pb_row][et_pb_row _builder_version=\u00bb4.16&#8243; _module_preset=\u00bbdefault\u00bb global_colors_info=\u00bb{}\u00bb][et_pb_column type=\u00bb4_4&#8243; _builder_version=\u00bb4.16&#8243; _module_preset=\u00bbdefault\u00bb global_colors_info=\u00bb{}\u00bb][et_pb_text _builder_version=\u00bb4.16&#8243; _module_preset=\u00bbdefault\u00bb text_text_color=\u00bb#203864&#8243; text_font_size=\u00bb16px\u00bb global_colors_info=\u00bb{}\u00bb]<img decoding=\"async\" src=\"https:\/\/www.cidaut.es\/acelerapyme\/wp-content\/uploads\/2021\/09\/tick.jpg\" \/><span style=\"font-size:18px\"><b>Sensibilizaci\u00f3n sobre metodolog\u00edas y tecnolog\u00edas <\/b><b>innovadoras<\/b><\/span>[\/et_pb_text][et_pb_text _builder_version=\u00bb4.16&#8243; _module_preset=\u00bbdefault\u00bb text_text_color=\u00bb#203864&#8243; text_orientation=\u00bbjustified\u00bb global_colors_info=\u00bb{}\u00bb]<span style=\"font-size:18px\">Para ayudarte a conocer las herramientas que existen y c\u00f3mo podr\u00edas aprovecharlas para tu negocio, realizaremos jornadas divulgativas y formativas gratuitas sobre diferentes tem\u00e1ticas. Demostraci\u00f3n de tecnolog\u00edas existentes, talleres formativos sobre tem\u00e1ticas diversas tanto de aplicaci\u00f3n general como espec\u00edficamente dirigidas a un sector espec\u00edfico o charlas divulgativas sobre diferentes tecnolog\u00edas. \u00a1Te esperamos!<\/span>[\/et_pb_text][\/et_pb_column][\/et_pb_row][et_pb_row _builder_version=\u00bb4.16&#8243; _module_preset=\u00bbdefault\u00bb global_colors_info=\u00bb{}\u00bb][et_pb_column type=\u00bb4_4&#8243; _builder_version=\u00bb4.16&#8243; _module_preset=\u00bbdefault\u00bb global_colors_info=\u00bb{}\u00bb][et_pb_text _builder_version=\u00bb4.16&#8243; _module_preset=\u00bbdefault\u00bb text_text_color=\u00bb#203864&#8243; text_font_size=\u00bb16px\u00bb global_colors_info=\u00bb{}\u00bb]<img decoding=\"async\" src=\"https:\/\/www.cidaut.es\/acelerapyme\/wp-content\/uploads\/2021\/09\/tick.jpg\" \/><span style=\"font-size:18px\"><b>Asesoramiento y atenci\u00f3n personalizada<\/b><\/span>[\/et_pb_text][et_pb_text _builder_version=\u00bb4.16&#8243; _module_preset=\u00bbdefault\u00bb text_text_color=\u00bb#203864&#8243; text_orientation=\u00bbjustified\u00bb global_colors_info=\u00bb{}\u00bb]<span style=\"font-size:18px\">Nuestro equipo de consultores te asesorar\u00e1 y apoyar\u00e1 en tu proceso de transformaci\u00f3n digital. P\u00eddenos una cita, plant\u00e9anos tu necesidad o tu consulta y te responderemos lo antes posible.<\/span>[\/et_pb_text][\/et_pb_column][\/et_pb_row][et_pb_row _builder_version=\u00bb4.16&#8243; _module_preset=\u00bbdefault\u00bb global_colors_info=\u00bb{}\u00bb][et_pb_column type=\u00bb4_4&#8243; _builder_version=\u00bb4.16&#8243; _module_preset=\u00bbdefault\u00bb global_colors_info=\u00bb{}\u00bb][et_pb_text _builder_version=\u00bb4.16&#8243; _module_preset=\u00bbdefault\u00bb text_text_color=\u00bb#203864&#8243; text_font_size=\u00bb16px\u00bb global_colors_info=\u00bb{}\u00bb]<img decoding=\"async\" src=\"https:\/\/www.cidaut.es\/acelerapyme\/wp-content\/uploads\/2021\/09\/tick.jpg\" \/><span style=\"font-size:18px\"><b>Proyectos de I+D+i y servicios tecnol\u00f3gicos para apoyar a la pyme<\/b><\/span>[\/et_pb_text][et_pb_text _builder_version=\u00bb4.16&#8243; _module_preset=\u00bbdefault\u00bb text_text_color=\u00bb#203864&#8243; text_orientation=\u00bbjustified\u00bb global_colors_info=\u00bb{}\u00bb]<span style=\"font-size:18px\">La Fundaci\u00f3n CIDAUT es un Centro Tecnol\u00f3gico seg\u00fan el Real Decreto 2093\/2008, de 19 de diciembre del Ministerio de Ciencia e Innovaci\u00f3n. Todas las actividades y esfuerzos del Centro se focalizan principalmente\u00a0 en dar respuesta a los principales retos que afronta la sociedad, incluyendo investigaci\u00f3n b\u00e1sica o aplicada, el desarrollo tecnol\u00f3gico, la transferencia de tecnolog\u00eda y la innovaci\u00f3n, centr\u00e1ndose en las prioridades pol\u00edticas sin predeterminar las tecnolog\u00edas o soluciones que deben desarrollarse. Las capacidades tecnol\u00f3gicas y las infraestructuras cient\u00edficas que posee el Centro, unido a la amplia, cualificada y demostrada experiencia de sus investigadores y tecn\u00f3logos, junto con la amplia red de colaboradores tecnol\u00f3gicos con los que cuenta, capacitan a la Fundaci\u00f3n CIDAUT poder abordar los retos plantados, cubriendo el ciclo completo, desde la investigaci\u00f3n al mercado, pudiendo hace hincapi\u00e9 en las actividades relacionadas con la innovaci\u00f3n, tales como ejercicios piloto, actividades de demostraci\u00f3n, bancos de pruebas, dise\u00f1o, innovaci\u00f3n impulsada por el usuario final, innovaci\u00f3n social, transferencia de tecnolog\u00eda y asimilaci\u00f3n de las innovaciones por el mercado, as\u00ed como la estandarizaci\u00f3n.<\/span>[\/et_pb_text][\/et_pb_column][\/et_pb_row][et_pb_row _builder_version=\u00bb4.16&#8243; _module_preset=\u00bbdefault\u00bb global_colors_info=\u00bb{}\u00bb][et_pb_column type=\u00bb4_4&#8243; _builder_version=\u00bb4.16&#8243; _module_preset=\u00bbdefault\u00bb global_colors_info=\u00bb{}\u00bb][et_pb_text _builder_version=\u00bb4.16&#8243; _module_preset=\u00bbdefault\u00bb text_text_color=\u00bb#203864&#8243; text_font_size=\u00bb16px\u00bb global_colors_info=\u00bb{}\u00bb]<img decoding=\"async\" src=\"https:\/\/www.cidaut.es\/acelerapyme\/wp-content\/uploads\/2021\/09\/tick.jpg\" \/><span style=\"font-size:18px\"><b>Fomento de las relaciones entre agentes del ecosistema<\/b><\/span>[\/et_pb_text][et_pb_text _builder_version=\u00bb4.16&#8243; _module_preset=\u00bbdefault\u00bb text_text_color=\u00bb#203864&#8243; text_orientation=\u00bbjustified\u00bb global_colors_info=\u00bb{}\u00bb]<span style=\"font-size:18px\">La Fundaci\u00f3n CIDAUT est\u00e1 fuertemente involucrada con el entorno empresarial, actuando como asesor y agente instrumental al servicio de la pol\u00edtica tecnol\u00f3gica de las Administraciones P\u00fablica; impulsando acciones conjuntas e intercambiando conocimientos y experiencias, de modo que esa actividad redunde en beneficio del tejido productivo del pa\u00eds; y, cooperando activamente en el fortalecimiento, eficacia y coordinaci\u00f3n del sistema espa\u00f1ol y europeo de Ciencia, Tecnolog\u00eda y Empresa.<\/span>[\/et_pb_text][\/et_pb_column][\/et_pb_row][et_pb_row _builder_version=\u00bb4.16&#8243; _module_preset=\u00bbdefault\u00bb global_colors_info=\u00bb{}\u00bb][et_pb_column type=\u00bb4_4&#8243; _builder_version=\u00bb4.16&#8243; _module_preset=\u00bbdefault\u00bb global_colors_info=\u00bb{}\u00bb][et_pb_image src=\u00bbhttps:\/\/www.cidaut.es\/acelerapyme\/wp-content\/uploads\/2024\/01\/logos_pie.jpg\u00bb title_text=\u00bblogos_pie\u00bb align=\u00bbcenter\u00bb _builder_version=\u00bb4.16&#8243; _module_preset=\u00bbdefault\u00bb global_colors_info=\u00bb{}\u00bb][\/et_pb_image][\/et_pb_column][\/et_pb_row][\/et_pb_section]<\/p>\n","protected":false},"excerpt":{"rendered":"<p>\u00bfQu\u00e9 es el programa\u00a0Acelera pyme?La Fundaci\u00f3n CIDAUT ha sido seleccionado por\u00a0Red.es, organismo adscrito al Ministerio de Transformaci\u00f3n Digital y de la funci\u00f3n p\u00fablica, para sumarse a la Red de Oficinas Acelera Pyme que opera a lo largo de todo el territorio nacional, y que tiene como objetivo\u00a0apoyar los procesos de transformaci\u00f3n digital\u00a0de las pymes.La OFICINA [&hellip;]<\/p>\n","protected":false},"author":1,"featured_media":0,"parent":0,"menu_order":0,"comment_status":"closed","ping_status":"closed","template":"","meta":{"_et_pb_use_builder":"on","_et_pb_old_content":"","_et_gb_content_width":"","footnotes":""},"class_list":["post-24","page","type-page","status-publish","hentry"],"_links":{"self":[{"href":"https:\/\/www.cidaut.es\/acelerapyme\/wp-json\/wp\/v2\/pages\/24","targetHints":{"allow":["GET"]}}],"collection":[{"href":"https:\/\/www.cidaut.es\/acelerapyme\/wp-json\/wp\/v2\/pages"}],"about":[{"href":"https:\/\/www.cidaut.es\/acelerapyme\/wp-json\/wp\/v2\/types\/page"}],"author":[{"embeddable":true,"href":"https:\/\/www.cidaut.es\/acelerapyme\/wp-json\/wp\/v2\/users\/1"}],"replies":[{"embeddable":true,"href":"https:\/\/www.cidaut.es\/acelerapyme\/wp-json\/wp\/v2\/comments?post=24"}],"version-history":[{"count":36,"href":"https:\/\/www.cidaut.es\/acelerapyme\/wp-json\/wp\/v2\/pages\/24\/revisions"}],"predecessor-version":[{"id":2933,"href":"https:\/\/www.cidaut.es\/acelerapyme\/wp-json\/wp\/v2\/pages\/24\/revisions\/2933"}],"wp:attachment":[{"href":"https:\/\/www.cidaut.es\/acelerapyme\/wp-json\/wp\/v2\/media?parent=24"}],"curies":[{"name":"wp","href":"https:\/\/api.w.org\/{rel}","templated":true}]}}